{"id":266,"date":"2014-03-23T11:16:09","date_gmt":"2014-03-23T19:16:09","guid":{"rendered":"http:\/\/www.lucie-lom.fr\/?page_id=266"},"modified":"2017-10-20T12:34:14","modified_gmt":"2017-10-20T10:34:14","slug":"espagne-espagnes","status":"publish","type":"page","link":"http:\/\/www.lucie-lom.fr\/site\/scenographies\/espagne-espagnes\/","title":{"rendered":"Espagne, Espagnes"},"content":{"rendered":"<p>&nbsp;<\/p>\n<p>&nbsp;<\/p>\n<p>&nbsp;<\/p>\n<p>&nbsp;<\/p>\n<p style=\"text-align: left;\">\n<p style=\"text-align: left;\"><strong>ESPAGNE, ESPAGNES\u00a0\u00a0\u00a0La Bande Dessin\u00e9e espagnole<\/strong>\u00a0\u00a0\u00a0Centre National de la Bande\u00a0 Dessin\u00e9e et de l&rsquo;Image, Angoul\u00eame &#8211; 1989<\/p>\n<p style=\"text-align: left;\">Les planches de bandes dessin\u00e9es espagnoles pr\u00e9sent\u00e9es avaient \u00e9t\u00e9 censur\u00e9es sous Franco. De la m\u00eame fa\u00e7on qu\u2019elles avaient \u00e9t\u00e9 lues sous le manteau, nous les avons pr\u00e9sent\u00e9es en coulisses d\u2019un d\u00e9corum franquiste ; cach\u00e9es derri\u00e8re la fa\u00e7ade imposante d\u2019une ar\u00e8ne o\u00f9 s\u2019ensablait une statue \u00e9questre de conquistador.<\/p>\n<p style=\"text-align: left;\"><img loading=\"lazy\" decoding=\"async\" class=\"alignnone size-full wp-image-2334\" src=\"http:\/\/www.lucie-lom.fr\/site\/wp-content\/uploads\/2017\/10\/Lucie-Lom-Espagnes-Espagne.jpg\" alt=\"Lucie Lom Espagnes Espagne\" width=\"900\" height=\"603\" srcset=\"http:\/\/www.lucie-lom.fr\/site\/wp-content\/uploads\/2017\/10\/Lucie-Lom-Espagnes-Espagne.jpg 900w, http:\/\/www.lucie-lom.fr\/site\/wp-content\/uploads\/2017\/10\/Lucie-Lom-Espagnes-Espagne-300x201.jpg 300w, http:\/\/www.lucie-lom.fr\/site\/wp-content\/uploads\/2017\/10\/Lucie-Lom-Espagnes-Espagne-768x515.jpg 768w, http:\/\/www.lucie-lom.fr\/site\/wp-content\/uploads\/2017\/10\/Lucie-Lom-Espagnes-Espagne-448x300.jpg 448w\" sizes=\"auto, (max-width: 900px) 100vw, 900px\" \/><\/p>\n<p style=\"text-align: left;\"><span style=\"color: #888888;\"><em>photographies : Lucie Lom<\/em><\/span><\/p>\n<p style=\"text-align: center;\">\n<p><span style=\"border-radius: 2px; text-indent: 20px; width: auto; padding: 0px 4px 0px 0px; text-align: center; font: bold 11px\/20px 'Helvetica Neue',Helvetica,sans-serif; color: #ffffff; background: #bd081c  no-repeat scroll 3px 50% \/ 14px 14px; position: absolute; opacity: 1; z-index: 8675309; display: none; cursor: pointer; top: 285px; left: 20px;\">Enregistrer<\/span><\/p>\n","protected":false},"excerpt":{"rendered":"<p>&nbsp; &nbsp; &nbsp; &nbsp; ESPAGNE, ESPAGNES\u00a0\u00a0\u00a0La Bande Dessin\u00e9e espagnole\u00a0\u00a0\u00a0Centre National de la Bande\u00a0 Dessin\u00e9e et de l&rsquo;Image, Angoul\u00eame &#8211; 1989 Les planches de bandes dessin\u00e9es espagnoles pr\u00e9sent\u00e9es avaient \u00e9t\u00e9 censur\u00e9es sous Franco. De la m\u00eame fa\u00e7on qu\u2019elles avaient \u00e9t\u00e9 lues &hellip; <a href=\"http:\/\/www.lucie-lom.fr\/site\/scenographies\/espagne-espagnes\/\">Lire la suite <span class=\"meta-nav\">&rarr;<\/span><\/a><\/p>\n","protected":false},"author":1,"featured_media":0,"parent":9,"menu_order":15,"comment_status":"closed","ping_status":"open","template":"","meta":{"footnotes":""},"class_list":["post-266","page","type-page","status-publish","hentry"],"_links":{"self":[{"href":"http:\/\/www.lucie-lom.fr\/site\/wp-json\/wp\/v2\/pages\/266","targetHints":{"allow":["GET"]}}],"collection":[{"href":"http:\/\/www.lucie-lom.fr\/site\/wp-json\/wp\/v2\/pages"}],"about":[{"href":"http:\/\/www.lucie-lom.fr\/site\/wp-json\/wp\/v2\/types\/page"}],"author":[{"embeddable":true,"href":"http:\/\/www.lucie-lom.fr\/site\/wp-json\/wp\/v2\/users\/1"}],"replies":[{"embeddable":true,"href":"http:\/\/www.lucie-lom.fr\/site\/wp-json\/wp\/v2\/comments?post=266"}],"version-history":[{"count":10,"href":"http:\/\/www.lucie-lom.fr\/site\/wp-json\/wp\/v2\/pages\/266\/revisions"}],"predecessor-version":[{"id":2335,"href":"http:\/\/www.lucie-lom.fr\/site\/wp-json\/wp\/v2\/pages\/266\/revisions\/2335"}],"up":[{"embeddable":true,"href":"http:\/\/www.lucie-lom.fr\/site\/wp-json\/wp\/v2\/pages\/9"}],"wp:attachment":[{"href":"http:\/\/www.lucie-lom.fr\/site\/wp-json\/wp\/v2\/media?parent=266"}],"curies":[{"name":"wp","href":"https:\/\/api.w.org\/{rel}","templated":true}]}}