{"id":241,"date":"2014-03-23T10:53:41","date_gmt":"2014-03-23T18:53:41","guid":{"rendered":"http:\/\/www.lucie-lom.fr\/?page_id=241"},"modified":"2017-10-20T11:24:28","modified_gmt":"2017-10-20T09:24:28","slug":"le-niger","status":"publish","type":"page","link":"http:\/\/www.lucie-lom.fr\/site\/scenographies\/le-niger\/","title":{"rendered":"Le Niger"},"content":{"rendered":"<p>&nbsp;<\/p>\n<p>&nbsp;<\/p>\n<p>&nbsp;<\/p>\n<p>&nbsp;<\/p>\n<p style=\"text-align: left;\"><strong>LE NIGER, UN FLEUVE ET DES HOMMES<\/strong>\u00a0\u00a0\u00a0 Mus\u00e9e national du Mali, Bamako &#8211; 2011<\/p>\n<p style=\"text-align: left;\">Au mus\u00e9e national du Mali \u00e0 Bamako, une exposition command\u00e9e par l\u2019Unesco sur le Niger, la vie autour du fleuve, son \u00e9cosyst\u00e8me et ce qui le menace.<\/p>\n<p style=\"text-align: left;\"><img loading=\"lazy\" decoding=\"async\" class=\"alignnone size-full wp-image-2287\" src=\"http:\/\/www.lucie-lom.fr\/site\/wp-content\/uploads\/2017\/10\/Lucie-lom-Niger-1.jpg\" alt=\"Lucie lom Niger 1\" width=\"900\" height=\"1238\" srcset=\"http:\/\/www.lucie-lom.fr\/site\/wp-content\/uploads\/2017\/10\/Lucie-lom-Niger-1.jpg 900w, http:\/\/www.lucie-lom.fr\/site\/wp-content\/uploads\/2017\/10\/Lucie-lom-Niger-1-218x300.jpg 218w, http:\/\/www.lucie-lom.fr\/site\/wp-content\/uploads\/2017\/10\/Lucie-lom-Niger-1-768x1056.jpg 768w, http:\/\/www.lucie-lom.fr\/site\/wp-content\/uploads\/2017\/10\/Lucie-lom-Niger-1-744x1024.jpg 744w\" sizes=\"auto, (max-width: 900px) 100vw, 900px\" \/> <img loading=\"lazy\" decoding=\"async\" class=\"alignnone size-full wp-image-2288\" src=\"http:\/\/www.lucie-lom.fr\/site\/wp-content\/uploads\/2017\/10\/Lucie-lom-Niger-2.jpg\" alt=\"Lucie lom Niger 2\" width=\"900\" height=\"506\" srcset=\"http:\/\/www.lucie-lom.fr\/site\/wp-content\/uploads\/2017\/10\/Lucie-lom-Niger-2.jpg 900w, http:\/\/www.lucie-lom.fr\/site\/wp-content\/uploads\/2017\/10\/Lucie-lom-Niger-2-300x169.jpg 300w, http:\/\/www.lucie-lom.fr\/site\/wp-content\/uploads\/2017\/10\/Lucie-lom-Niger-2-768x432.jpg 768w, http:\/\/www.lucie-lom.fr\/site\/wp-content\/uploads\/2017\/10\/Lucie-lom-Niger-2-500x281.jpg 500w\" sizes=\"auto, (max-width: 900px) 100vw, 900px\" \/> <img loading=\"lazy\" decoding=\"async\" class=\"alignnone size-full wp-image-2289\" src=\"http:\/\/www.lucie-lom.fr\/site\/wp-content\/uploads\/2017\/10\/Lucie-lom-Niger-3.jpg\" alt=\"Lucie lom Niger 3\" width=\"900\" height=\"665\" srcset=\"http:\/\/www.lucie-lom.fr\/site\/wp-content\/uploads\/2017\/10\/Lucie-lom-Niger-3.jpg 900w, http:\/\/www.lucie-lom.fr\/site\/wp-content\/uploads\/2017\/10\/Lucie-lom-Niger-3-300x222.jpg 300w, http:\/\/www.lucie-lom.fr\/site\/wp-content\/uploads\/2017\/10\/Lucie-lom-Niger-3-768x567.jpg 768w, http:\/\/www.lucie-lom.fr\/site\/wp-content\/uploads\/2017\/10\/Lucie-lom-Niger-3-406x300.jpg 406w\" sizes=\"auto, (max-width: 900px) 100vw, 900px\" \/><\/p>\n<p style=\"text-align: left;\"><span style=\"color: #888888;\"><em>Photographies : Lucie Lom<\/em><\/span><\/p>\n<p><span style=\"border-radius: 2px; text-indent: 20px; width: auto; padding: 0px 4px 0px 0px; text-align: center; font: bold 11px\/20px 'Helvetica Neue',Helvetica,sans-serif; color: #ffffff; background: #bd081c  no-repeat scroll 3px 50% \/ 14px 14px; position: absolute; opacity: 1; z-index: 8675309; display: none; cursor: pointer; top: 236px; left: 20px;\">Enregistrer<\/span><\/p>\n","protected":false},"excerpt":{"rendered":"<p>&nbsp; &nbsp; &nbsp; &nbsp; LE NIGER, UN FLEUVE ET DES HOMMES\u00a0\u00a0\u00a0 Mus\u00e9e national du Mali, Bamako &#8211; 2011 Au mus\u00e9e national du Mali \u00e0 Bamako, une exposition command\u00e9e par l\u2019Unesco sur le Niger, la vie autour du fleuve, son \u00e9cosyst\u00e8me &hellip; <a href=\"http:\/\/www.lucie-lom.fr\/site\/scenographies\/le-niger\/\">Lire la suite <span class=\"meta-nav\">&rarr;<\/span><\/a><\/p>\n","protected":false},"author":1,"featured_media":0,"parent":9,"menu_order":4,"comment_status":"closed","ping_status":"open","template":"","meta":{"footnotes":""},"class_list":["post-241","page","type-page","status-publish","hentry"],"_links":{"self":[{"href":"http:\/\/www.lucie-lom.fr\/site\/wp-json\/wp\/v2\/pages\/241","targetHints":{"allow":["GET"]}}],"collection":[{"href":"http:\/\/www.lucie-lom.fr\/site\/wp-json\/wp\/v2\/pages"}],"about":[{"href":"http:\/\/www.lucie-lom.fr\/site\/wp-json\/wp\/v2\/types\/page"}],"author":[{"embeddable":true,"href":"http:\/\/www.lucie-lom.fr\/site\/wp-json\/wp\/v2\/users\/1"}],"replies":[{"embeddable":true,"href":"http:\/\/www.lucie-lom.fr\/site\/wp-json\/wp\/v2\/comments?post=241"}],"version-history":[{"count":26,"href":"http:\/\/www.lucie-lom.fr\/site\/wp-json\/wp\/v2\/pages\/241\/revisions"}],"predecessor-version":[{"id":2290,"href":"http:\/\/www.lucie-lom.fr\/site\/wp-json\/wp\/v2\/pages\/241\/revisions\/2290"}],"up":[{"embeddable":true,"href":"http:\/\/www.lucie-lom.fr\/site\/wp-json\/wp\/v2\/pages\/9"}],"wp:attachment":[{"href":"http:\/\/www.lucie-lom.fr\/site\/wp-json\/wp\/v2\/media?parent=241"}],"curies":[{"name":"wp","href":"https:\/\/api.w.org\/{rel}","templated":true}]}}