{"id":2,"date":"2014-03-19T08:45:08","date_gmt":"2014-03-19T07:45:08","guid":{"rendered":"http:\/\/www.lucie-lom.fr\/?page_id=2"},"modified":"2026-03-17T10:08:51","modified_gmt":"2026-03-17T09:08:51","slug":"actualites","status":"publish","type":"page","link":"http:\/\/www.lucie-lom.fr\/site\/actualites\/","title":{"rendered":"ACTUALIT\u00c9S"},"content":{"rendered":"\n<div style=\"height:170px\" aria-hidden=\"true\" class=\"wp-block-spacer\"><\/div>\n\n\n\n<h2 class=\"wp-block-heading\"><strong><strong>MYST\u00c8RE DES FALUNS Nouveaut\u00e9 L&rsquo;ENVOL DES FOSSILES<\/strong><\/strong><\/h2>\n\n\n\n<h3 class=\"wp-block-heading\"><strong>Parcours sc\u00e9nographi\u00e9 p\u00e9renne \u2013 Les Perri\u00e8res, Dou\u00e9-la-Fontaine (49) \u2013 2026<\/strong><\/h3>\n\n\n\n<p>Pour sa r\u00e9ouverture, le Myst\u00e8re des Faluns enrichit sa sc\u00e9nographie avec \u00ab L\u2019Envol des Fossiles \u00bb, une cr\u00e9ation po\u00e9tique imagin\u00e9e par Lucie Lom. Cette nouveaut\u00e9 propose un jeu de points lumineux et de projections vid\u00e9o r\u00e9v\u00e9lant la richesse des fragments du vivant pr\u00e9sents dans le falun, compos\u00e9 de fossiles, coquilles, os, qui semblent reprendre vie puis se dissoudre en nuages de lumi\u00e8re.<br>Ce nouveau tableau prend place entre la baleine et les bryozoa\u00efres, deux mises en sc\u00e8ne d\u00e9j\u00e0 existantes pour assurer une continuit\u00e9 narrative entre deux univers embl\u00e9matiques du site.<br>Les fossiles en volume int\u00e9gr\u00e9s dans le falun se r\u00e9v\u00e8lent \u00e0 la mani\u00e8re de constellations lumineuses avant de s\u2019extraire des parois, semblant reprendre vie avant de se d\u00e9composer en nuage de points blancs. Ce ballet lumineux form\u00e9 par \u00ab l\u2019envol de fossiles \u00bb conduira le visiteur vers les constellations<br>\u00ab bryozoaires \u00bb des salles suivantes.<\/p>\n\n\n<p><iframe loading=\"lazy\" title=\"Le Myste\u0300re des Faluns - Teaser\" src=\"https:\/\/player.vimeo.com\/video\/1174065262?badge=0&amp;autopause=0&amp;player_id=0&amp;app_id=58479&amp;autoplay=1\" width=\"890\" height=\"506\" frameborder=\"0\"><\/iframe><\/p>\n<p><!-- \/wp:post-content --><\/p>\n<p><!-- wp:image {\"id\":2748,\"sizeSlug\":\"full\",\"linkDestination\":\"none\"} --><\/p>\n<figure class=\"wp-block-image size-full\"><img loading=\"lazy\" decoding=\"async\" class=\"alignnone wp-image-2748 size-full\" src=\"http:\/\/www.lucie-lom.fr\/site\/wp-content\/uploads\/2026\/02\/lucie-lom-envol-de-fossiles-vertical-avec-texture-site.jpg\" alt=\"\" width=\"900\" height=\"988\" srcset=\"http:\/\/www.lucie-lom.fr\/site\/wp-content\/uploads\/2026\/02\/lucie-lom-envol-de-fossiles-vertical-avec-texture-site.jpg 900w, http:\/\/www.lucie-lom.fr\/site\/wp-content\/uploads\/2026\/02\/lucie-lom-envol-de-fossiles-vertical-avec-texture-site-273x300.jpg 273w, http:\/\/www.lucie-lom.fr\/site\/wp-content\/uploads\/2026\/02\/lucie-lom-envol-de-fossiles-vertical-avec-texture-site-768x843.jpg 768w\" sizes=\"auto, (max-width: 900px) 100vw, 900px\" \/><\/figure>\n<p><!-- \/wp:image --><\/p>\n<p><!-- wp:image {\"id\":2749,\"sizeSlug\":\"full\",\"linkDestination\":\"none\"} --><\/p>\n<figure class=\"wp-block-image size-full\"><img loading=\"lazy\" decoding=\"async\" class=\"alignnone wp-image-2749 size-full\" src=\"http:\/\/www.lucie-lom.fr\/site\/wp-content\/uploads\/2026\/02\/lucie-lom-envol-fossiles-horizontal-site.jpg\" alt=\"\" width=\"900\" height=\"487\" srcset=\"http:\/\/www.lucie-lom.fr\/site\/wp-content\/uploads\/2026\/02\/lucie-lom-envol-fossiles-horizontal-site.jpg 900w, http:\/\/www.lucie-lom.fr\/site\/wp-content\/uploads\/2026\/02\/lucie-lom-envol-fossiles-horizontal-site-300x162.jpg 300w, http:\/\/www.lucie-lom.fr\/site\/wp-content\/uploads\/2026\/02\/lucie-lom-envol-fossiles-horizontal-site-768x416.jpg 768w, http:\/\/www.lucie-lom.fr\/site\/wp-content\/uploads\/2026\/02\/lucie-lom-envol-fossiles-horizontal-site-500x271.jpg 500w\" sizes=\"auto, (max-width: 900px) 100vw, 900px\" \/><\/figure>\n<p><!-- \/wp:image --><\/p>\n<p><!-- wp:paragraph {\"fontSize\":\"small\"} --><\/p>\n<p class=\"has-small-font-size\">Sc\u00e9nographie et Vid\u00e9o Mapping : Lucie Lom<br \/>Teaser : Krysalid Films<\/p>\n<p><!-- \/wp:paragraph --><\/p>\n<p><!-- wp:paragraph --><\/p>\n<p><!-- \/wp:paragraph --><\/p>\n<p><!-- wp:spacer {\"height\":\"30px\"} --><\/p>\n<div class=\"wp-block-spacer\" style=\"height: 30px;\" aria-hidden=\"true\">\u00a0<\/div>\n<p><!-- \/wp:spacer --><\/p>\n<p><!-- wp:separator --><\/p>\n<hr class=\"wp-block-separator has-alpha-channel-opacity\" \/><!-- \/wp:separator -->\n<p><!-- wp:spacer {\"height\":\"30px\"} --><\/p>\n<div class=\"wp-block-spacer\" style=\"height: 30px;\" aria-hidden=\"true\">\u00a0<\/div>\n<p><!-- \/wp:spacer --><\/p>\n<p><!-- wp:heading --><\/p>\n<h2 class=\"wp-block-heading\"><strong>L&rsquo;AVENTURE \u00c9DITORIALE<\/strong><\/h2>\n<p><!-- \/wp:heading --><\/p>\n<p><!-- wp:heading {\"level\":3} --><\/p>\n<h3 class=\"wp-block-heading\"><strong>Delcourt, 40 ans au rythme du 9e art <\/strong><\/h3>\n<p><!-- \/wp:heading --><\/p>\n<p><!-- wp:heading {\"level\":3} --><\/p>\n<h3 class=\"wp-block-heading\"><strong>Une exposition sc\u00e9nographi\u00e9e \u00e0 la Cit\u00e9 de la bande dessin\u00e9e et de l&rsquo;image &#8211; Angoul\u00eame &#8211; 2026<\/strong><\/h3>\n<p><!-- \/wp:heading --><\/p>\n<p><!-- wp:spacer {\"height\":\"20px\"} --><\/p>\n<div class=\"wp-block-spacer\" style=\"height: 20px;\" aria-hidden=\"true\">\u00a0<\/div>\n<p><!-- \/wp:spacer --><\/p>\n<p><!-- wp:paragraph --><\/p>\n<p><!-- \/wp:paragraph --><\/p>\n<p><!-- wp:columns {\"className\":\"has-2-columns\"} --><\/p>\n<div class=\"wp-block-columns has-2-columns\"><!-- wp:column {\"width\":\"33%\"} -->\n<div class=\"wp-block-column\" style=\"flex-basis: 33%;\"><!-- wp:image {\"id\":2752,\"width\":\"500px\"} -->\n<figure class=\"wp-block-image is-resized\"><img loading=\"lazy\" decoding=\"async\" width=\"500\" height=\"750\" class=\"wp-image-2752\" style=\"width: 500px;\" src=\"http:\/\/www.lucie-lom.fr\/site\/wp-content\/uploads\/2026\/02\/rvb-c-alfred_0.jpg\" alt=\"\" srcset=\"http:\/\/www.lucie-lom.fr\/site\/wp-content\/uploads\/2026\/02\/rvb-c-alfred_0.jpg 680w, http:\/\/www.lucie-lom.fr\/site\/wp-content\/uploads\/2026\/02\/rvb-c-alfred_0-200x300.jpg 200w\" sizes=\"auto, (max-width: 500px) 100vw, 500px\" \/>\n<figcaption class=\"wp-element-caption\">L\u2019affiche de l\u2019exposition sign\u00e9e \u00a9Alfred<\/figcaption>\n<\/figure>\n<p><!-- \/wp:image --><\/p>\n<\/div>\n<p><!-- \/wp:column --><\/p>\n<p><!-- wp:column {\"width\":\"45%\"} --><\/p>\n<div class=\"wp-block-column\" style=\"flex-basis: 45%;\"><!-- wp:paragraph -->\n<p>Depuis 1986, les \u00e9ditions Delcourt accompagnent, explorent et renouvellent la bande dessin\u00e9e. Fid\u00e8le \u00e0 son histoire li\u00e9e \u00e0 Angoul\u00eame, la maison c\u00e9l\u00e8bre ses quarante ans au Mus\u00e9e de la bande dessin\u00e9e \u00e0 travers un panorama riche de genres, de formes et de styles. De grands noms aux nouvelles voix, du patrimoine \u00e0 l\u2019exp\u00e9rimentation, l\u2019exposition refl\u00e8te la diversit\u00e9 foisonnante d\u2019un art en perp\u00e9tuelle r\u00e9invention.<br \/>Pour raconter cette histoire riche et prot\u00e9iforme, l\u2019atelier Lucie Lom a choisi de d\u00e9plier une bande de papier, comme un immense origami blanc sur fond noir. Dans ce labyrinthe les perspectives, les plis et les recoins r\u00e9v\u00e8lent des jeux d\u2019influences, d\u2019\u00e9chos, de correspondances. \u00c0 la fois sobre et monumentale, \u00e9l\u00e9gante et ludique, la sc\u00e9nographie du parcours, au service des planches expos\u00e9es, est une exp\u00e9rience en soi.<\/p>\n<p><!-- \/wp:paragraph --><\/p>\n<\/div>\n<p><!-- \/wp:column --><\/p>\n<\/div>\n<p><!-- \/wp:columns --><\/p>\n<p><!-- wp:image {\"id\":2751} --><\/p>\n<figure class=\"wp-block-image\"><img loading=\"lazy\" decoding=\"async\" width=\"1024\" height=\"571\" class=\"wp-image-2751\" src=\"http:\/\/www.lucie-lom.fr\/site\/wp-content\/uploads\/2026\/02\/lucie-lom-l-aventure-editoriale-site2-1024x571.jpg\" alt=\"\" srcset=\"http:\/\/www.lucie-lom.fr\/site\/wp-content\/uploads\/2026\/02\/lucie-lom-l-aventure-editoriale-site2-1024x571.jpg 1024w, http:\/\/www.lucie-lom.fr\/site\/wp-content\/uploads\/2026\/02\/lucie-lom-l-aventure-editoriale-site2-300x167.jpg 300w, http:\/\/www.lucie-lom.fr\/site\/wp-content\/uploads\/2026\/02\/lucie-lom-l-aventure-editoriale-site2-768x428.jpg 768w, http:\/\/www.lucie-lom.fr\/site\/wp-content\/uploads\/2026\/02\/lucie-lom-l-aventure-editoriale-site2-500x279.jpg 500w\" sizes=\"auto, (max-width: 1024px) 100vw, 1024px\" \/><\/figure>\n<p><!-- \/wp:image --><\/p>\n<p><!-- wp:image {\"id\":2750} --><\/p>\n<figure class=\"wp-block-image\"><img loading=\"lazy\" decoding=\"async\" width=\"900\" height=\"463\" class=\"wp-image-2750\" src=\"http:\/\/www.lucie-lom.fr\/site\/wp-content\/uploads\/2026\/02\/lucie-lom-l-aventure-editoriale-site.jpg\" alt=\"\" srcset=\"http:\/\/www.lucie-lom.fr\/site\/wp-content\/uploads\/2026\/02\/lucie-lom-l-aventure-editoriale-site.jpg 900w, http:\/\/www.lucie-lom.fr\/site\/wp-content\/uploads\/2026\/02\/lucie-lom-l-aventure-editoriale-site-300x154.jpg 300w, http:\/\/www.lucie-lom.fr\/site\/wp-content\/uploads\/2026\/02\/lucie-lom-l-aventure-editoriale-site-768x395.jpg 768w, http:\/\/www.lucie-lom.fr\/site\/wp-content\/uploads\/2026\/02\/lucie-lom-l-aventure-editoriale-site-500x257.jpg 500w\" sizes=\"auto, (max-width: 900px) 100vw, 900px\" \/><\/figure>\n<p><!-- \/wp:image --><\/p>\n<p><!-- wp:heading --><\/p>\n<h2 class=\"wp-block-heading\">\u00a0<\/h2>\n<p><!-- \/wp:heading --><\/p>\n<p><!-- wp:paragraph --><\/p>\n<p><em>Jusqu\u2019au 15 novembre 2026<\/em><\/p>\n<p><!-- \/wp:paragraph --><\/p>\n<p><!-- wp:quote --><\/p>\n<blockquote class=\"wp-block-quote\">\n<p><!-- wp:paragraph --><\/p>\n<p><!-- \/wp:paragraph --><\/p>\n<\/blockquote>\n<p><!-- \/wp:quote --><\/p>\n<p><!-- wp:paragraph --><\/p>\n<p>Commissaires : Cathia Engelbach &amp; Victor Mac\u00e9 de L\u00e9pinay &#8211; Sc\u00e9nographie : Lucie Lom<br \/>R\u00e9alisation : Art Composit &amp; Cobble &#8211; Impressions : Maudet<\/p>\n<p><!-- \/wp:paragraph --><\/p>\n<p><!-- wp:spacer {\"height\":\"30px\"} --><\/p>\n<div class=\"wp-block-spacer\" style=\"height: 30px;\" aria-hidden=\"true\">\u00a0<\/div>\n<p><!-- \/wp:spacer --><\/p>\n<p><!-- wp:separator {\"className\":\"is-style-wide\"} --><\/p>\n<hr class=\"wp-block-separator has-alpha-channel-opacity is-style-wide\" \/><!-- \/wp:separator -->\n<p><!-- wp:spacer {\"height\":\"30px\"} --><\/p>\n<div class=\"wp-block-spacer\" style=\"height: 30px;\" aria-hidden=\"true\">\u00a0<\/div>\n<p><!-- \/wp:spacer --><\/p>\n<p><!-- wp:heading --><\/p>\n<h2 class=\"wp-block-heading\"><strong>LA B\u00caTE EST MORTE !<\/strong><\/h2>\n<p><!-- \/wp:heading --><\/p>\n<p><!-- wp:heading {\"level\":3} --><\/p>\n<h3 class=\"wp-block-heading\"><strong>Une exposition sc\u00e9nographi\u00e9e autour de l\u2019\u0153uvre de Calvo &#8211;<br \/>Dans le cadre du Festival Regards Noirs &#8211; Le pilori, Niort (79)\u00a0 &#8211; 2025<\/strong><\/h3>\n<p><!-- \/wp:heading --><\/p>\n<p><!-- wp:paragraph --><\/p>\n<p><!-- \/wp:paragraph --><\/p>\n<p><!-- wp:paragraph --><\/p>\n<p>Ce chef d\u2019\u0153uvre r\u00e9alis\u00e9 en 1944 et 1945 pendant la p\u00e9riode de l\u2019Occupation malgr\u00e9 la censure, est un t\u00e9moignage historique o\u00f9 la virtuosit\u00e9 et l\u2019ironie du dessin d\u00e9jouent, sans l\u2019occulter, la violence des sc\u00e8nes de destruction.Au Pilori, l\u2019exposition est con\u00e7ue en deux parties. En rez-de-chauss\u00e9e, la sc\u00e9nographie constitue un livre g\u00e9ant. Le visiteur est happ\u00e9 par la d\u00e9flagration qui fait basculer de l\u2019insouciance paisible vers l\u2019engrenage des batailles.Au premier \u00e9tage, une s\u00e9lection de planches sont pr\u00e9sent\u00e9es en grands formats, favorisant l\u2019immersion dans les d\u00e9tails et le dynamisme des images. Ces planches, imprim\u00e9es et pr\u00eat\u00e9es par les Editions Hennebelle, font l\u2019objet d\u2019une colorisation tendant \u00e0 s\u2019approcher des couleurs des planches originales.<\/p>\n<p><!-- \/wp:paragraph --><\/p>\n<p><!-- wp:paragraph --><\/p>\n<p><!-- \/wp:paragraph --><\/p>\n<p><!-- wp:image {\"id\":2747} --><\/p>\n<figure class=\"wp-block-image\"><img loading=\"lazy\" decoding=\"async\" width=\"900\" height=\"518\" class=\"wp-image-2747\" src=\"http:\/\/www.lucie-lom.fr\/site\/wp-content\/uploads\/2026\/02\/Lucie-Lom-Calvo-lycee-polyvalent-nirot-st-andre-site.jpg\" alt=\"\" srcset=\"http:\/\/www.lucie-lom.fr\/site\/wp-content\/uploads\/2026\/02\/Lucie-Lom-Calvo-lycee-polyvalent-nirot-st-andre-site.jpg 900w, http:\/\/www.lucie-lom.fr\/site\/wp-content\/uploads\/2026\/02\/Lucie-Lom-Calvo-lycee-polyvalent-nirot-st-andre-site-300x173.jpg 300w, http:\/\/www.lucie-lom.fr\/site\/wp-content\/uploads\/2026\/02\/Lucie-Lom-Calvo-lycee-polyvalent-nirot-st-andre-site-768x442.jpg 768w, http:\/\/www.lucie-lom.fr\/site\/wp-content\/uploads\/2026\/02\/Lucie-Lom-Calvo-lycee-polyvalent-nirot-st-andre-site-500x288.jpg 500w\" sizes=\"auto, (max-width: 900px) 100vw, 900px\" \/><\/figure>\n<p><!-- \/wp:image --><\/p>\n<p><!-- wp:heading --><\/p>\n<h2 class=\"wp-block-heading\">\u00a0<\/h2>\n<p><!-- \/wp:heading --><\/p>\n<p><!-- wp:paragraph --><\/p>\n<p>Jusqu\u2019au 7 mars 2026<\/p>\n<p><!-- \/wp:paragraph --><\/p>\n<p><!-- wp:quote --><\/p>\n<blockquote class=\"wp-block-quote\">\n<p><!-- wp:paragraph --><\/p>\n<p><!-- \/wp:paragraph --><\/p>\n<\/blockquote>\n<p><!-- \/wp:quote --><\/p>\n<p><!-- wp:paragraph --><\/p>\n<p>Cette sc\u00e9nographie est l\u2019adaptation d\u2019une installation cr\u00e9e par Lucie Lom pour le M\u00e9morial de l\u2019Internement et de la D\u00e9portation de Compi\u00e8gne en 2024.<\/p>\n<p><!-- \/wp:paragraph --><\/p>\n<p><!-- wp:spacer {\"height\":\"30px\"} --><\/p>\n<div class=\"wp-block-spacer\" style=\"height: 30px;\" aria-hidden=\"true\">\u00a0<\/div>\n<p><!-- \/wp:spacer --><\/p>\n<p><!-- wp:separator --><\/p>\n<hr class=\"wp-block-separator has-alpha-channel-opacity\" \/>\n<p style=\"text-align: justify;\"><!-- \/wp:separator --><\/p>\n<p>&nbsp;<\/p>\n<p style=\"text-align: justify;\"><strong>PROFONDEURS<br \/>Une installation de Lucie Lom &#8211; Coll\u00e9giale Saint-Martin \u00e0 Angers &#8211; du 21 septembre 2024 au 26 janvier 2025.<br \/><\/strong>Images vid\u00e9os : Olivier Guillemain &#8211; Cr\u00e9ation musicale : Patrice Grupallo<\/p>\n<p style=\"text-align: justify;\">Avec cette nouvelle \u0153uvre immersive et sensorielle, Lucie Lom transfigure la coll\u00e9giale pour accueillir les m\u00e9tamorphoses et la fluidit\u00e9 du mouvement perp\u00e9tuel de la vie. De la microscopique cristallisation de la glace \u00e0 l\u2019amplitude de la houle, du court instant de l\u2019impact d\u2019une goutte de pluie \u00e0 la surface de l&rsquo;\u00e9cume, aux temps longs de la vie des astres, les \u00e9chelles du temps et de l\u2019espace sont bouscul\u00e9es. Une onde vaste et ample accueille ces images sur toute la surface du monument ; elle est le miroir des profondeurs de notre plan\u00e8te et de l\u2019univers.<\/p>\n<p><iframe loading=\"lazy\" src=\"https:\/\/player.vimeo.com\/video\/1022060883?title=0&amp;byline=0&amp;portrait=0\" width=\"900\" height=\"506\" frameborder=\"0\" allowfullscreen=\"allowfullscreen\"><\/iframe><br \/><img loading=\"lazy\" decoding=\"async\" class=\"alignnone size-full wp-image-2719\" src=\"http:\/\/www.lucie-lom.fr\/site\/wp-content\/uploads\/2024\/10\/ProfondeursLucieLom\u00a9Christophe-Martin-Colle\u0301giale-Saint-Martin-Luci-Lom-42web.jpg\" alt=\"Profondeurs\" width=\"900\" height=\"600\" srcset=\"http:\/\/www.lucie-lom.fr\/site\/wp-content\/uploads\/2024\/10\/ProfondeursLucieLom\u00a9Christophe-Martin-Colle\u0301giale-Saint-Martin-Luci-Lom-42web.jpg 900w, http:\/\/www.lucie-lom.fr\/site\/wp-content\/uploads\/2024\/10\/ProfondeursLucieLom\u00a9Christophe-Martin-Colle\u0301giale-Saint-Martin-Luci-Lom-42web-300x200.jpg 300w, http:\/\/www.lucie-lom.fr\/site\/wp-content\/uploads\/2024\/10\/ProfondeursLucieLom\u00a9Christophe-Martin-Colle\u0301giale-Saint-Martin-Luci-Lom-42web-768x512.jpg 768w, http:\/\/www.lucie-lom.fr\/site\/wp-content\/uploads\/2024\/10\/ProfondeursLucieLom\u00a9Christophe-Martin-Colle\u0301giale-Saint-Martin-Luci-Lom-42web-450x300.jpg 450w\" sizes=\"auto, (max-width: 900px) 100vw, 900px\" \/> <iframe loading=\"lazy\" src=\"https:\/\/player.vimeo.com\/video\/1022104287?title=0&amp;byline=0&amp;portrait=0\" width=\"900\" height=\"506\" frameborder=\"0\" allowfullscreen=\"allowfullscreen\"><\/iframe><\/p>\n<p style=\"text-align: left;\">Bande annonce : Krysalid Films<br \/>Photographies : Christophe Martin<br \/>Reportage d&rsquo;Arte sur l&rsquo;installation : Image, Christian Mignard ; Montage, Y. Guenot ; Journaliste, P. Bon ; Son , S. Gobaut-York &#8211; Arte France 2024<\/p>\n<p><strong>______________________________________________________<\/strong><\/p>\n<p style=\"text-align: justify;\"><strong>LE FORT IMMERG\u00c9<br \/>Parcours immersif dans les fonds marins des pertuis &#8211; sc\u00e9nographie p\u00e9renne &#8211; Fort Li\u00e9dot, \u00eele d&rsquo;Aix (33) &#8211;<br \/><\/strong><\/p>\n<p>Le parcours immersif dans les fonds marins des pertuis ouvre ses portes au public \u00e0 l\u2019\u00eele d\u2019Aix !<br \/>Dans les 400 m2 r\u00e9nov\u00e9s de l\u2019un des 4 bastions du fort Li\u00e9dot, un parcours po\u00e9tique et sensible emm\u00e8ne le visiteur dans la mer des Pertuis, entre continent et oc\u00e9an.<br \/>Notre mise en sc\u00e8ne m\u00eale images peintes et anim\u00e9es, vid\u00e9os r\u00e9alis\u00e9es dans les pertuis ou aux portes de l\u2019oc\u00e9an, compositions conjuguant images r\u00e9elles et imaginaires, et une cr\u00e9ation musicale orchestrant l\u2019ensemble de la visite. Le parcours conduit le visiteur dans les 7 salles du bastion, des airs aux estrans de l\u2019\u00eele d\u2019Aix, dans les courants des profondeurs, l\u2019eau trouble des estuaires, dans un monde aquatique incroyablement vivant, \u00e0 quelques encablures de la rumeur des hommes\u2026<\/p>\n<p style=\"text-align: center;\"><img loading=\"lazy\" decoding=\"async\" class=\"alignnone size-full wp-image-2681\" src=\"http:\/\/www.lucie-lom.fr\/site\/wp-content\/uploads\/2024\/06\/Lucie-Lom-salle-4.jpg\" alt=\"Lucie Lom salle 4\" width=\"900\" height=\"675\" srcset=\"http:\/\/www.lucie-lom.fr\/site\/wp-content\/uploads\/2024\/06\/Lucie-Lom-salle-4.jpg 900w, http:\/\/www.lucie-lom.fr\/site\/wp-content\/uploads\/2024\/06\/Lucie-Lom-salle-4-300x225.jpg 300w, http:\/\/www.lucie-lom.fr\/site\/wp-content\/uploads\/2024\/06\/Lucie-Lom-salle-4-768x576.jpg 768w, http:\/\/www.lucie-lom.fr\/site\/wp-content\/uploads\/2024\/06\/Lucie-Lom-salle-4-400x300.jpg 400w\" sizes=\"auto, (max-width: 900px) 100vw, 900px\" \/> <img loading=\"lazy\" decoding=\"async\" class=\"alignnone size-full wp-image-2683\" src=\"http:\/\/www.lucie-lom.fr\/site\/wp-content\/uploads\/2024\/06\/vasie\u0300re-Lucie-Lom.jpg\" alt=\"vasie\u0300re Lucie Lom\" width=\"900\" height=\"673\" srcset=\"http:\/\/www.lucie-lom.fr\/site\/wp-content\/uploads\/2024\/06\/vasie\u0300re-Lucie-Lom.jpg 900w, http:\/\/www.lucie-lom.fr\/site\/wp-content\/uploads\/2024\/06\/vasie\u0300re-Lucie-Lom-300x224.jpg 300w, http:\/\/www.lucie-lom.fr\/site\/wp-content\/uploads\/2024\/06\/vasie\u0300re-Lucie-Lom-768x574.jpg 768w, http:\/\/www.lucie-lom.fr\/site\/wp-content\/uploads\/2024\/06\/vasie\u0300re-Lucie-Lom-401x300.jpg 401w\" sizes=\"auto, (max-width: 900px) 100vw, 900px\" \/><br \/><em>Ici se raconte la mer des Pertuis entre \u00eeles, continent et oc\u00e9an, <\/em><br \/><em>o\u00f9 se rencontrent eaux douces et eaux sal\u00e9es<\/em><br \/><em>Au c\u0153ur du fort, les pierres s\u2019animent du foisonnement des vies <\/em><br \/><em>Le vent souffle sur les rochers, les sables et les vasi\u00e8res<\/em><br \/><em>Les mar\u00e9es r\u00e9v\u00e8lent faune et flore<\/em><br \/><em>Les vagues murmurent des histoires de vers b\u00e2tisseurs et font danser les algues<\/em><br \/><em>L\u2019eau trouble s\u2019\u00e9claircit, d\u00e9voilant les esp\u00e8ces qu\u2019elle prot\u00e8ge <\/em><br \/><em>La vase, \u00e9crin nourricier, abrite des myriades d\u2019occupants invisibles<\/em><br \/><em>Les courants des profondeurs nous entrainent en des paysages insoup\u00e7onn\u00e9s <\/em><br \/><em>Et dans la lumi\u00e8re, des poissons argent\u00e9s croisent les sillages des Hommes<\/em><br \/><em>Abondant et fragile, le vivant est partout\u2026<\/em><\/p>\n<p style=\"text-align: center;\"><img loading=\"lazy\" decoding=\"async\" class=\"alignnone size-full wp-image-2680\" src=\"http:\/\/www.lucie-lom.fr\/site\/wp-content\/uploads\/2024\/06\/lucie-lom-rocher.jpg\" alt=\"lucie lom rocher\" width=\"900\" height=\"1231\" srcset=\"http:\/\/www.lucie-lom.fr\/site\/wp-content\/uploads\/2024\/06\/lucie-lom-rocher.jpg 900w, http:\/\/www.lucie-lom.fr\/site\/wp-content\/uploads\/2024\/06\/lucie-lom-rocher-219x300.jpg 219w, http:\/\/www.lucie-lom.fr\/site\/wp-content\/uploads\/2024\/06\/lucie-lom-rocher-768x1050.jpg 768w, http:\/\/www.lucie-lom.fr\/site\/wp-content\/uploads\/2024\/06\/lucie-lom-rocher-749x1024.jpg 749w\" sizes=\"auto, (max-width: 900px) 100vw, 900px\" \/><img loading=\"lazy\" decoding=\"async\" class=\"alignnone size-full wp-image-2682\" src=\"http:\/\/www.lucie-lom.fr\/site\/wp-content\/uploads\/2024\/06\/Salle-2B-Lucie-Lom.jpg\" alt=\"Salle 2B Lucie Lom\" width=\"900\" height=\"532\" srcset=\"http:\/\/www.lucie-lom.fr\/site\/wp-content\/uploads\/2024\/06\/Salle-2B-Lucie-Lom.jpg 900w, http:\/\/www.lucie-lom.fr\/site\/wp-content\/uploads\/2024\/06\/Salle-2B-Lucie-Lom-300x177.jpg 300w, http:\/\/www.lucie-lom.fr\/site\/wp-content\/uploads\/2024\/06\/Salle-2B-Lucie-Lom-768x454.jpg 768w, http:\/\/www.lucie-lom.fr\/site\/wp-content\/uploads\/2024\/06\/Salle-2B-Lucie-Lom-500x296.jpg 500w\" sizes=\"auto, (max-width: 900px) 100vw, 900px\" \/><\/p>\n<p style=\"text-align: left;\">Sc\u00e9nographie : Lucie Lom \/ Mus\u00e9ographie : Laurence Chabot \/ Cr\u00e9ation musicale : Patrice Grupallo \/ Peinture anim\u00e9e : Rapha\u00eblle Martinez \/ Vid\u00e9o Mapping : Olivier Guillemain &amp; Christophe Loiseau \/ D\u00e9cors : 47 Nord<\/p>\n<p><strong>______________________________________________________<\/strong><\/p>\n<p><strong>LE MYST\u00c8RE DES FALUNS, 10 millions d&rsquo;ann\u00e9es sous terre, 10 ans<br \/><\/strong><\/p>\n<p>Parcours sc\u00e9nographi\u00e9 p\u00e9renne &#8211; Les Perri\u00e8res, Dou\u00e9-la-Fontaine (49) &#8211; 2024<\/p>\n<p style=\"text-align: justify;\"><strong>\u00a0<\/strong>Le Myst\u00e8re des Faluns a 10ans!<br \/>\u00c0 cette occasion nous avons imagin\u00e9 trois nouveaux espaces sc\u00e9nographi\u00e9s.<br \/>Apr\u00e8s les \u00e9pisodes du Mioc\u00e8ne, nous nous rapprochons de la roche de falun, de sa longue histoire et de son mat\u00e9riau singulier qui sera exploit\u00e9 par les hommes jusqu\u2019au XXe si\u00e8cle, cr\u00e9ant ainsi les galeries que nous visitons.<br \/><span style=\"text-decoration: underline;\">Du fossile \u00e0 la pierre<\/span><br \/>Notre nouvelle mise en sc\u00e8ne raconte le long processus qui a constitu\u00e9 le falun, par la transformation au fil du temps de la vie du Mioc\u00e8ne en la roche que nous connaissons aujourd\u2019hui.<br \/><span style=\"text-decoration: underline;\">La chambre d\u2019extraction<\/span><br \/>La salle suivante raconte le travail d\u2019extraction dont r\u00e9sultent ces caves majestueuses. On assiste \u00e0 un ballet d\u2019\u00e9chelles et de blocs, tandis que les lumi\u00e8res du jour, de la lune, de la lampe \u00e0 carbure nous sugg\u00e8rent le passage du temps.<br \/><span style=\"text-decoration: underline;\">Souvenirs de carriers<\/span><br \/>Comme si elles habitaient encore les lieux, les voix des carriers racontent leurs souvenirs, nous accompagnant vers la fin du parcours.<\/p>\n<p><img loading=\"lazy\" decoding=\"async\" class=\"alignnone size-full wp-image-2694\" src=\"http:\/\/www.lucie-lom.fr\/site\/wp-content\/uploads\/2024\/06\/Nouvel-espace-Mystere-des-Faluns\u00a9Pascal-Girault.jpg\" alt=\"Nouvel-espace-Mystere-des-Faluns\u00a9Pascal Girault\" width=\"900\" height=\"508\" srcset=\"http:\/\/www.lucie-lom.fr\/site\/wp-content\/uploads\/2024\/06\/Nouvel-espace-Mystere-des-Faluns\u00a9Pascal-Girault.jpg 900w, http:\/\/www.lucie-lom.fr\/site\/wp-content\/uploads\/2024\/06\/Nouvel-espace-Mystere-des-Faluns\u00a9Pascal-Girault-300x169.jpg 300w, http:\/\/www.lucie-lom.fr\/site\/wp-content\/uploads\/2024\/06\/Nouvel-espace-Mystere-des-Faluns\u00a9Pascal-Girault-768x433.jpg 768w, http:\/\/www.lucie-lom.fr\/site\/wp-content\/uploads\/2024\/06\/Nouvel-espace-Mystere-des-Faluns\u00a9Pascal-Girault-500x282.jpg 500w\" sizes=\"auto, (max-width: 900px) 100vw, 900px\" \/> <img loading=\"lazy\" decoding=\"async\" class=\"alignnone size-full wp-image-2695\" src=\"http:\/\/www.lucie-lom.fr\/site\/wp-content\/uploads\/2024\/06\/du-fossile-a-la-pierre.png\" alt=\"du fossile a la pierre\" width=\"900\" height=\"1601\" srcset=\"http:\/\/www.lucie-lom.fr\/site\/wp-content\/uploads\/2024\/06\/du-fossile-a-la-pierre.png 900w, http:\/\/www.lucie-lom.fr\/site\/wp-content\/uploads\/2024\/06\/du-fossile-a-la-pierre-169x300.png 169w, http:\/\/www.lucie-lom.fr\/site\/wp-content\/uploads\/2024\/06\/du-fossile-a-la-pierre-768x1366.png 768w, http:\/\/www.lucie-lom.fr\/site\/wp-content\/uploads\/2024\/06\/du-fossile-a-la-pierre-576x1024.png 576w\" sizes=\"auto, (max-width: 900px) 100vw, 900px\" \/><\/p>\n<p>Sc\u00e9nographie et Story-boards : Lucie Lom<br \/>Vid\u00e9o Mapping : Olivier Guillemain<br \/>Cr\u00e9ation musicale : Patrice Grupallo<br \/>Avec les voix de Jean Guichard et Fran\u00e7ois Samson<\/p>\n<p><strong>______________________________________________________<\/strong><\/p>\n<p style=\"text-align: justify;\"><strong>\u00ab DANS L\u2019ENCRE DES R\u00caVES \u00bb LE LIVRE<br \/>Une \u00e9dition cr\u00e9e par Lucie Lom et produite par Grand Patrimoine Loire-Atlantique en 2024<\/strong><\/p>\n<p style=\"text-align: justify;\">R\u00e9\u00e7it graphique inspir\u00e9 des manuscrits m\u00e9di\u00e9vaux et de l\u2019installation avec de nombreux r\u00eaves in\u00e9dits. En vente au Ch\u00e2teau de Chateaubriant et au Mus\u00e9e Dobr\u00e9e.<\/p>\n<p><img loading=\"lazy\" decoding=\"async\" class=\"alignnone size-full wp-image-2701\" src=\"http:\/\/www.lucie-lom.fr\/site\/wp-content\/uploads\/2024\/06\/livre-d-DLDR.jpg\" alt=\"livre d DLDR\" width=\"900\" height=\"395\" srcset=\"http:\/\/www.lucie-lom.fr\/site\/wp-content\/uploads\/2024\/06\/livre-d-DLDR.jpg 900w, http:\/\/www.lucie-lom.fr\/site\/wp-content\/uploads\/2024\/06\/livre-d-DLDR-300x132.jpg 300w, http:\/\/www.lucie-lom.fr\/site\/wp-content\/uploads\/2024\/06\/livre-d-DLDR-768x337.jpg 768w, http:\/\/www.lucie-lom.fr\/site\/wp-content\/uploads\/2024\/06\/livre-d-DLDR-500x219.jpg 500w\" sizes=\"auto, (max-width: 900px) 100vw, 900px\" \/><\/p>\n<p><strong>______________________________________________________<\/strong><\/p>\n<p style=\"text-align: justify;\"><strong>L&rsquo;AIGRETTE<br \/>Une sculpture de Lucie Lom &#8211; Dans le cadre du fil artistique paysager Loire Layon Aubance (49) &#8211; 2023<\/strong><\/p>\n<p style=\"text-align: justify;\">L\u2019Aigrette flotte sur l\u2019horizon, ancr\u00e9e entre ciel et eau. Ses rames d\u00e9ploy\u00e9es traduisent un d\u00e9part imminent ou une arriv\u00e9e r\u00e9cente; nous tous, qui pratiquons ou contemplons le fleuve, nous plairons \u00e0 embarquer pour ce r\u00eave suspendu.<br \/>Vous pourrez la d\u00e9couvrir en fl\u00e2nant du c\u00f4t\u00e9 du port de La Possonni\u00e8re \u00e0 proximit\u00e9 de la Guinguette Les Tourbillons.<br \/>Cette premi\u00e8re sculpture inaugure le Fil artistique paysager CC Loire Layon Aubance. D\u2019autres \u0153uvres enrichiront le parcours d\u00e8s l\u2019ann\u00e9e prochaine.<\/p>\n<p>&nbsp;<\/p>\n<p style=\"text-align: justify;\"><img loading=\"lazy\" decoding=\"async\" class=\"alignnone wp-image-2588 size-full\" src=\"http:\/\/www.lucie-lom.fr\/site\/wp-content\/uploads\/2023\/07\/Inauguration-Aigrette-web.jpg\" width=\"900\" height=\"506\" srcset=\"http:\/\/www.lucie-lom.fr\/site\/wp-content\/uploads\/2023\/07\/Inauguration-Aigrette-web.jpg 900w, http:\/\/www.lucie-lom.fr\/site\/wp-content\/uploads\/2023\/07\/Inauguration-Aigrette-web-300x169.jpg 300w, http:\/\/www.lucie-lom.fr\/site\/wp-content\/uploads\/2023\/07\/Inauguration-Aigrette-web-768x432.jpg 768w, http:\/\/www.lucie-lom.fr\/site\/wp-content\/uploads\/2023\/07\/Inauguration-Aigrette-web-500x281.jpg 500w\" sizes=\"auto, (max-width: 900px) 100vw, 900px\" \/> <iframe loading=\"lazy\" style=\"border: none; overflow: hidden;\" src=\"https:\/\/www.facebook.com\/plugins\/video.php?height=476&amp;href=https%3A%2F%2Fwww.facebook.com%2Floirelayonaubance.fr%2Fvideos%2F603946524903282%2F&amp;show_text=false&amp;width=476&amp;t=0\" width=\"900\" height=\"900\" frameborder=\"0\" scrolling=\"no\" allowfullscreen=\"allowfullscreen\"><\/iframe><img loading=\"lazy\" decoding=\"async\" class=\"alignnone wp-image-2589 size-full\" src=\"http:\/\/www.lucie-lom.fr\/site\/wp-content\/uploads\/2023\/07\/Inauguration-Aigrette-14web.jpg\" width=\"900\" height=\"1334\" srcset=\"http:\/\/www.lucie-lom.fr\/site\/wp-content\/uploads\/2023\/07\/Inauguration-Aigrette-14web.jpg 900w, http:\/\/www.lucie-lom.fr\/site\/wp-content\/uploads\/2023\/07\/Inauguration-Aigrette-14web-202x300.jpg 202w, http:\/\/www.lucie-lom.fr\/site\/wp-content\/uploads\/2023\/07\/Inauguration-Aigrette-14web-768x1138.jpg 768w, http:\/\/www.lucie-lom.fr\/site\/wp-content\/uploads\/2023\/07\/Inauguration-Aigrette-14web-691x1024.jpg 691w\" sizes=\"auto, (max-width: 900px) 100vw, 900px\" \/> Conception : Lucie Lom &#8211; R\u00e9alisation : La Mutine (44) &#8211; Photographies : SiscoVid\u00e9o<\/p>\n<p><strong>______________________________________________________<\/strong><\/p>\n<p style=\"text-align: justify;\"><strong>DANS L&rsquo;ENCRE DES R\u00caVES<br \/>Une installation immersive &#8211; Ch\u00e2teau de Ch\u00e2teaubriant (44) &#8211; jusqu&rsquo;au 29 septembre 2024<br \/><\/strong>Images vid\u00e9os : Olivier Guillemain &#8211; Cr\u00e9ation musicale : Patrice Grupallo<\/p>\n<div>Nous sommes au XVe si\u00e8cle. Dans le salon de lecture du ch\u00e2teau, Fran\u00e7oise de Dinan s\u2019est assoupie en lisant. La Baronne de Chateaubriant r\u00eave\u2026 et les images des manuscrits peuplent ses r\u00eaves.<\/div>\n<div>Sur l\u2019\u00e9critoire, un flacon s\u2019est renvers\u00e9 : de l\u2019encre noire s\u2019\u00e9coule au sol. Cette encre qui se r\u00e9pand dans un \u00e9trange mouvement perp\u00e9tuel va nous conduire de r\u00eaves en r\u00eaves. Dans ses m\u00e9andres se refl\u00e8tent des phylact\u00e8res flottants dans des cieux tourment\u00e9s, des cr\u00e9atures hybrides, des fleurs aux teintes que le temps n\u2019a pas alt\u00e9r\u00e9es, des oiseaux scintillants et des squelettes dansants, la figure d\u2019un g\u00e9ant que le corps constell\u00e9 d\u2019\u00e9toiles rend attachant&#8230;<br \/>Sources des r\u00eaves, des livres d\u2019heures s\u2019ouvrent \u00e0 leurs plus belles pages dans le salon de lecture de Fran\u00e7oise de Dinan.<\/div>\n<p>&nbsp;<\/p>\n<p><img loading=\"lazy\" decoding=\"async\" class=\"alignnone size-full wp-image-2552\" src=\"http:\/\/www.lucie-lom.fr\/site\/wp-content\/uploads\/2022\/05\/affiche-Encre-des-reves-\u00a9Lucie-Lom.jpg\" alt=\"affiche Encre des reves \u00a9Lucie Lom\" width=\"900\" height=\"1286\" srcset=\"http:\/\/www.lucie-lom.fr\/site\/wp-content\/uploads\/2022\/05\/affiche-Encre-des-reves-\u00a9Lucie-Lom.jpg 900w, http:\/\/www.lucie-lom.fr\/site\/wp-content\/uploads\/2022\/05\/affiche-Encre-des-reves-\u00a9Lucie-Lom-210x300.jpg 210w, http:\/\/www.lucie-lom.fr\/site\/wp-content\/uploads\/2022\/05\/affiche-Encre-des-reves-\u00a9Lucie-Lom-768x1097.jpg 768w, http:\/\/www.lucie-lom.fr\/site\/wp-content\/uploads\/2022\/05\/affiche-Encre-des-reves-\u00a9Lucie-Lom-717x1024.jpg 717w\" sizes=\"auto, (max-width: 900px) 100vw, 900px\" \/><br \/><iframe loading=\"lazy\" src=\"https:\/\/player.vimeo.com\/video\/706191930?h=2fd080d2f1&amp;title=0&amp;byline=0&amp;portrait=0\" width=\"900\" height=\"506\" frameborder=\"0\" allowfullscreen=\"allowfullscreen\"><\/iframe><\/p>\n<p style=\"text-align: justify;\"><img loading=\"lazy\" decoding=\"async\" class=\"alignnone size-full wp-image-2541\" src=\"http:\/\/www.lucie-lom.fr\/site\/wp-content\/uploads\/2022\/05\/encre-117184-retravaille\u0301e\u00a9lucielom\u00a9JefRabillon.jpg\" alt=\"encre-117184 retravaille\u0301e\u00a9lucielom\u00a9JefRabillon\" width=\"900\" height=\"969\" srcset=\"http:\/\/www.lucie-lom.fr\/site\/wp-content\/uploads\/2022\/05\/encre-117184-retravaille\u0301e\u00a9lucielom\u00a9JefRabillon.jpg 900w, http:\/\/www.lucie-lom.fr\/site\/wp-content\/uploads\/2022\/05\/encre-117184-retravaille\u0301e\u00a9lucielom\u00a9JefRabillon-279x300.jpg 279w, http:\/\/www.lucie-lom.fr\/site\/wp-content\/uploads\/2022\/05\/encre-117184-retravaille\u0301e\u00a9lucielom\u00a9JefRabillon-768x827.jpg 768w\" sizes=\"auto, (max-width: 900px) 100vw, 900px\" \/> <img loading=\"lazy\" decoding=\"async\" class=\"alignnone size-full wp-image-2539\" src=\"http:\/\/www.lucie-lom.fr\/site\/wp-content\/uploads\/2022\/05\/Dans-l-encre-des-reves-\u00a9p.pascal1\u00a9lucielom.jpg\" alt=\"Dans l encre des reves \u00a9p.pascal1\u00a9lucielom\" width=\"900\" height=\"600\" srcset=\"http:\/\/www.lucie-lom.fr\/site\/wp-content\/uploads\/2022\/05\/Dans-l-encre-des-reves-\u00a9p.pascal1\u00a9lucielom.jpg 900w, http:\/\/www.lucie-lom.fr\/site\/wp-content\/uploads\/2022\/05\/Dans-l-encre-des-reves-\u00a9p.pascal1\u00a9lucielom-300x200.jpg 300w, http:\/\/www.lucie-lom.fr\/site\/wp-content\/uploads\/2022\/05\/Dans-l-encre-des-reves-\u00a9p.pascal1\u00a9lucielom-768x512.jpg 768w, http:\/\/www.lucie-lom.fr\/site\/wp-content\/uploads\/2022\/05\/Dans-l-encre-des-reves-\u00a9p.pascal1\u00a9lucielom-450x300.jpg 450w\" sizes=\"auto, (max-width: 900px) 100vw, 900px\" \/> R\u00e9alisation du clip vid\u00e9o \u00a9 Mathieu Moch &#8211; d\u00e9partement loire atlantique<br \/>Photographies : \u00a9 Jef Rabillon photo 1 &#8211; \u00a9 Paul Pascal photo 2<\/p>\n<p style=\"text-align: justify;\">Contact \/ Diffusion : contact@lucie-lom.fr<\/p>\n<p><strong>______________________________________________________<\/strong><\/p>\n<p><strong>LE MYST\u00c8RE DES FALUNS, 10 millions d&rsquo;ann\u00e9es sous terre<\/strong><\/p>\n<p>Parcours sc\u00e9nographi\u00e9 p\u00e9renne &#8211; Les Perri\u00e8res, Dou\u00e9-la-Fontaine (49) &#8211; 2022<\/p>\n<p>Voil\u00e0 d\u00e9ja huit ans que s\u2019est ouvert, sous notre direction artistique et sc\u00e9nographie, le Myst\u00e8re des Faluns aux Perrieres de Dou\u00e9-la-Fontaine.<br \/>Cette ann\u00e9e, nous pr\u00e9sentons une toute nouvelle version des Th\u00e9\u00e2tres marins. \u00c0 cet endroit du parcours, la pr\u00e9sence de l\u2019eau r\u00e9v\u00e9l\u00e9e par le miroir d\u2019eau , s\u2019enrichit des vies qui la peuplent et des imaginaires qui s\u2019y cachent.<br \/>Les laminaires du premier espace prolongent la r\u00eaverie autour de l\u2019eau en sugg\u00e9rant sa profondeur, ses courants l\u00e9gers, ses formes de vie v\u00e9g\u00e9tale.<br \/>La cavit\u00e9 suivante \u00e9voque \u00e9galement le monde subaquatique, mais en mettant en sc\u00e8ne sa faune. Ici les \u00e9clats lumineux des poissons les rendent visibles sous l\u2019eau mais aussi au dessus. Le r\u00e9sultat donne un ballet autant aquatique qu\u2019a\u00e9rien, avec des poissons plus nombreux dont les reflets se d\u00e9multiplient sur les parois de la cave.<\/p>\n<p><img loading=\"lazy\" decoding=\"async\" class=\"alignnone size-full wp-image-2522\" src=\"http:\/\/www.lucie-lom.fr\/site\/wp-content\/uploads\/2022\/03\/theatresmarins1.jpg\" alt=\"theatresmarins1\" width=\"900\" height=\"600\" srcset=\"http:\/\/www.lucie-lom.fr\/site\/wp-content\/uploads\/2022\/03\/theatresmarins1.jpg 900w, http:\/\/www.lucie-lom.fr\/site\/wp-content\/uploads\/2022\/03\/theatresmarins1-300x200.jpg 300w, http:\/\/www.lucie-lom.fr\/site\/wp-content\/uploads\/2022\/03\/theatresmarins1-768x512.jpg 768w, http:\/\/www.lucie-lom.fr\/site\/wp-content\/uploads\/2022\/03\/theatresmarins1-450x300.jpg 450w\" sizes=\"auto, (max-width: 900px) 100vw, 900px\" \/> <img loading=\"lazy\" decoding=\"async\" class=\"alignnone size-full wp-image-2523\" src=\"http:\/\/www.lucie-lom.fr\/site\/wp-content\/uploads\/2022\/03\/theatresmarins2.jpg\" alt=\"theatresmarins2\" width=\"900\" height=\"600\" srcset=\"http:\/\/www.lucie-lom.fr\/site\/wp-content\/uploads\/2022\/03\/theatresmarins2.jpg 900w, http:\/\/www.lucie-lom.fr\/site\/wp-content\/uploads\/2022\/03\/theatresmarins2-300x200.jpg 300w, http:\/\/www.lucie-lom.fr\/site\/wp-content\/uploads\/2022\/03\/theatresmarins2-768x512.jpg 768w, http:\/\/www.lucie-lom.fr\/site\/wp-content\/uploads\/2022\/03\/theatresmarins2-450x300.jpg 450w\" sizes=\"auto, (max-width: 900px) 100vw, 900px\" \/> <img loading=\"lazy\" decoding=\"async\" class=\"alignnone size-full wp-image-2524\" src=\"http:\/\/www.lucie-lom.fr\/site\/wp-content\/uploads\/2022\/03\/theatresmarins3.jpg\" alt=\"theatresmarins3\" width=\"900\" height=\"599\" srcset=\"http:\/\/www.lucie-lom.fr\/site\/wp-content\/uploads\/2022\/03\/theatresmarins3.jpg 900w, http:\/\/www.lucie-lom.fr\/site\/wp-content\/uploads\/2022\/03\/theatresmarins3-300x200.jpg 300w, http:\/\/www.lucie-lom.fr\/site\/wp-content\/uploads\/2022\/03\/theatresmarins3-768x511.jpg 768w, http:\/\/www.lucie-lom.fr\/site\/wp-content\/uploads\/2022\/03\/theatresmarins3-451x300.jpg 451w\" sizes=\"auto, (max-width: 900px) 100vw, 900px\" \/><\/p>\n<p><em>\u00a0Cr\u00e9ation Vid\u00e9o : Olivier Guillemain &#8211; Cr\u00e9ation musicale : Patrice Grupallo &#8211; Photographies : Jef Rabillon<\/em><br \/><strong>______________________________________________________<\/strong><br \/><strong>L&rsquo;ARBORESCENCE DES R\u00caVES<\/strong><\/p>\n<div class=\"page\" title=\"Page 8\">\n<div class=\"section\">\n<div class=\"layoutArea\">\n<div class=\"column\">\n<p>Installation &#8211; carte blanche avec le Th\u00e9\u00e2tre de Laval &#8211; Cour du Cha\u0302teau &#8211; 2021<\/p>\n<\/div>\n<\/div>\n<\/div>\n<\/div>\n<p>A\u0300 la nuit tombante, des hommes, imperturbables et e\u0301nigmatiques semblent avoir suspendu leur marche. Leurs visages et leurs ve\u0302tements prennent la teinte inde\u0301finissable des songes. Les yeux clos, ils re\u0302vent&#8230;<br \/>Depuis les points hauts du cha\u0302teau de Laval, des lampes tempe\u0302tes re\u0301ve\u0300lent leurs silhouettes dans le cre\u0301puscule.<br \/>Avec un apparent de\u0301tachement, ils observent un de leurs semblables que des racines lient encore au sol. Avec e\u0301vidence et sans effort, celui la\u0300 parai\u0302t avoir pousse\u0301 la\u0300. Il sera rejoint par deux autres dont les racines aussi s\u2019extirpent du sol puis par ceux qui, en bas, de couleur terre pareillement ve\u0302tus, semblent aussi vouloir gagner la lumie\u0300re. Leurs histoires les relient, a\u0300 moins que ce ne soient leurs re\u0302ves ? Par la pre\u0301sence de ces Re\u0302veurs, les paysages devant lesquels nous passons chaque jour, deviennent le the\u0301a\u0302tre des songes de ces personnages hors du temps. Nul ne saura d\u2019ou\u0300 ces Re\u0302veurs venaient, ni ou\u0300 ils allaient.<br \/>Ils garderont leur myste\u0300re et laisseront de leur passage une relecture poe\u0301tique des lieux..<\/p>\n<p><img loading=\"lazy\" decoding=\"async\" class=\"alignnone wp-image-2675 size-full\" src=\"http:\/\/www.lucie-lom.fr\/site\/wp-content\/uploads\/2014\/03\/LucieLom_reveurslaval-33323web.jpg\" width=\"900\" height=\"1350\" srcset=\"http:\/\/www.lucie-lom.fr\/site\/wp-content\/uploads\/2014\/03\/LucieLom_reveurslaval-33323web.jpg 900w, http:\/\/www.lucie-lom.fr\/site\/wp-content\/uploads\/2014\/03\/LucieLom_reveurslaval-33323web-200x300.jpg 200w, http:\/\/www.lucie-lom.fr\/site\/wp-content\/uploads\/2014\/03\/LucieLom_reveurslaval-33323web-768x1152.jpg 768w, http:\/\/www.lucie-lom.fr\/site\/wp-content\/uploads\/2014\/03\/LucieLom_reveurslaval-33323web-683x1024.jpg 683w\" sizes=\"auto, (max-width: 900px) 100vw, 900px\" \/> <img loading=\"lazy\" decoding=\"async\" class=\"alignnone wp-image-2676 size-full\" src=\"http:\/\/www.lucie-lom.fr\/site\/wp-content\/uploads\/2014\/03\/LucieLom_reveurslaval-Jef-rweb.jpg\" width=\"900\" height=\"507\" srcset=\"http:\/\/www.lucie-lom.fr\/site\/wp-content\/uploads\/2014\/03\/LucieLom_reveurslaval-Jef-rweb.jpg 900w, http:\/\/www.lucie-lom.fr\/site\/wp-content\/uploads\/2014\/03\/LucieLom_reveurslaval-Jef-rweb-300x169.jpg 300w, http:\/\/www.lucie-lom.fr\/site\/wp-content\/uploads\/2014\/03\/LucieLom_reveurslaval-Jef-rweb-768x433.jpg 768w, http:\/\/www.lucie-lom.fr\/site\/wp-content\/uploads\/2014\/03\/LucieLom_reveurslaval-Jef-rweb-500x282.jpg 500w\" sizes=\"auto, (max-width: 900px) 100vw, 900px\" \/><\/p>\n<p><em> Cr\u00e9ation Vid\u00e9o : Olivier Guillemain &#8211; Cr\u00e9ation musicale : Patrice Grupallo &#8211; Photographies : Jef Rabillon<\/em><br \/><strong>______________________________________________________<\/strong><\/p>\n<p style=\"text-align: justify;\"><strong>CANONNADE PO\u00c9TIQUE<br \/>\u0152uvre artistique p\u00e9renne dans l&rsquo;espace public &#8211; Rochefort-sur-mer (17) &#8211; 2020<\/strong><\/p>\n<div class=\"page\" title=\"Page 4\">\n<div class=\"section\">\n<div class=\"layoutArea\">\n<div class=\"column\">\n<p>Les canons de Rochefort- sur-Mer pointaient autrefois depuis la cite\u0301 vers l\u2019exte\u0301rieur. Aujourd\u2019hui, comme sous l\u2019effet d\u2019un miroir du temps et de l\u2019espace, les canons se retournent vers la ville. Aussi \u00abperformatifs\u00bb qu\u2019autrefois, leurs tirs sont a\u0300 pre\u0301sent silencieux et magnifiques. Tirant a\u0300 l\u2019aveugle, ils e\u0301claboussent fac\u0327ades et parterres de leurs lettres blanches qui s\u2019agencent en mots et en phrases&#8230;<br \/>A\u0300 les lire de plus pre\u0300s, ces textes sont porteurs d\u2019horizons et de de\u0301sir d\u2019ailleurs. Ce sont des invitations aux voyages inte\u0301rieurs ou par-dela\u0300 les mers. A\u0300 chaque fois les mots e\u0301mergent du de\u0301sordre des lettres comme s\u2019ils avaient leurs vies propres, pour s\u2019assembler et former du sens.<br \/>Les remparts, l\u2019arsenal ou le lyce\u0301e Marcel Dassault accueillent le beau chaos provoque\u0301 par ces tirs. Ces lieux e\u0301vocateurs d\u2019un passe\u0301 militaire s\u2019habillent aujourd\u2019hui de pense\u0301es poe\u0301tiques. Des maux aux mots, c\u2019est le dialogue du passe\u0301 au pre\u0301sent que ces canons proposent aujourd\u2019hui au promeneur, dans une installation a\u0300 la fois disruptive et me\u0301ditative..<\/p>\n<\/div>\n<\/div>\n<\/div>\n<\/div>\n<p style=\"text-align: justify;\"><img loading=\"lazy\" decoding=\"async\" class=\"alignnone size-full wp-image-2574\" src=\"http:\/\/www.lucie-lom.fr\/site\/wp-content\/uploads\/2022\/06\/cannonade-poe\u0301tique-pour-site-Photo-mam.jpg\" alt=\"cannonade poe\u0301tique pour site-Photo mam\" width=\"900\" height=\"675\" srcset=\"http:\/\/www.lucie-lom.fr\/site\/wp-content\/uploads\/2022\/06\/cannonade-poe\u0301tique-pour-site-Photo-mam.jpg 900w, http:\/\/www.lucie-lom.fr\/site\/wp-content\/uploads\/2022\/06\/cannonade-poe\u0301tique-pour-site-Photo-mam-300x225.jpg 300w, http:\/\/www.lucie-lom.fr\/site\/wp-content\/uploads\/2022\/06\/cannonade-poe\u0301tique-pour-site-Photo-mam-768x576.jpg 768w, http:\/\/www.lucie-lom.fr\/site\/wp-content\/uploads\/2022\/06\/cannonade-poe\u0301tique-pour-site-Photo-mam-400x300.jpg 400w\" sizes=\"auto, (max-width: 900px) 100vw, 900px\" \/> <img loading=\"lazy\" decoding=\"async\" class=\"alignnone size-full wp-image-2575\" src=\"http:\/\/www.lucie-lom.fr\/site\/wp-content\/uploads\/2022\/06\/canonnade-poe\u0301tique-3-pour-site-photo-mam.jpg\" alt=\"canonnade poe\u0301tique-3-pour site-photo mam\" width=\"900\" height=\"600\" srcset=\"http:\/\/www.lucie-lom.fr\/site\/wp-content\/uploads\/2022\/06\/canonnade-poe\u0301tique-3-pour-site-photo-mam.jpg 900w, http:\/\/www.lucie-lom.fr\/site\/wp-content\/uploads\/2022\/06\/canonnade-poe\u0301tique-3-pour-site-photo-mam-300x200.jpg 300w, http:\/\/www.lucie-lom.fr\/site\/wp-content\/uploads\/2022\/06\/canonnade-poe\u0301tique-3-pour-site-photo-mam-768x512.jpg 768w, http:\/\/www.lucie-lom.fr\/site\/wp-content\/uploads\/2022\/06\/canonnade-poe\u0301tique-3-pour-site-photo-mam-450x300.jpg 450w\" sizes=\"auto, (max-width: 900px) 100vw, 900px\" \/>Contact \/ Diffusion : contact@lucie-lom.fr<\/p>\n<p><strong>______________________________________________________<\/strong><\/p>\n<p style=\"text-align: justify;\"><strong>LA CLAIRI\u00c8RE ENVISAG\u00c9E<br \/>Une installation de Lucie Lom &#8211; Carte blanche \u00e0 la Confluence \u00e0 Betton &#8211; du 18 septembre 2021 au 06 f\u00e9vrier 2022.<br \/><\/strong><\/p>\n<p style=\"text-align: justify;\">Dans un espace aux limites aval\u00e9es par la p\u00e9nombre, des souches exposent \u00e0 la lune les tranches encore vives de leur coupe.<br \/>Le ch\u00eane, l&rsquo;aulne, l&rsquo;\u00e9rable qu&rsquo;elles \u00e9taient vivent encore un peu. Leurs cernes en s&rsquo;agen\u00e7ant lentement les unes aux autres composent des profils humains qui s&rsquo;\u00e9panouissent, s&rsquo;\u00e9vanouissent, puis r\u00e9apparaissent. Les profils sont allusifs mais ils conf\u00e8rent aux souches une identit\u00e9 troublante. Seraient-ce des miroirs tendus \u00e0 chacun de nous ? Ou le signe d&rsquo;une permanence de vie ?<\/p>\n<p><iframe loading=\"lazy\" src=\"https:\/\/player.vimeo.com\/video\/616044310?h=85bcd96cc5&amp;title=0&amp;byline=0&amp;portrait=0\" width=\"900\" height=\"506\" frameborder=\"0\" allowfullscreen=\"allowfullscreen\"><\/iframe><\/p>\n<p style=\"text-align: justify;\"><img loading=\"lazy\" decoding=\"async\" class=\"alignnone size-full wp-image-2514\" src=\"http:\/\/www.lucie-lom.fr\/site\/wp-content\/uploads\/2021\/09\/lucielom-la-clairie\u0300re-photo-presse.jpg\" alt=\"lucielom-la clairie\u0300re-photo presse\" width=\"900\" height=\"560\" srcset=\"http:\/\/www.lucie-lom.fr\/site\/wp-content\/uploads\/2021\/09\/lucielom-la-clairie\u0300re-photo-presse.jpg 900w, http:\/\/www.lucie-lom.fr\/site\/wp-content\/uploads\/2021\/09\/lucielom-la-clairie\u0300re-photo-presse-300x187.jpg 300w, http:\/\/www.lucie-lom.fr\/site\/wp-content\/uploads\/2021\/09\/lucielom-la-clairie\u0300re-photo-presse-768x478.jpg 768w, http:\/\/www.lucie-lom.fr\/site\/wp-content\/uploads\/2021\/09\/lucielom-la-clairie\u0300re-photo-presse-482x300.jpg 482w\" sizes=\"auto, (max-width: 900px) 100vw, 900px\" \/> <img loading=\"lazy\" decoding=\"async\" class=\"alignnone size-full wp-image-2506\" src=\"http:\/\/www.lucie-lom.fr\/site\/wp-content\/uploads\/2021\/09\/lucielom-41697.jpg\" alt=\"lucielom-41697\" width=\"900\" height=\"599\" srcset=\"http:\/\/www.lucie-lom.fr\/site\/wp-content\/uploads\/2021\/09\/lucielom-41697.jpg 900w, http:\/\/www.lucie-lom.fr\/site\/wp-content\/uploads\/2021\/09\/lucielom-41697-300x200.jpg 300w, http:\/\/www.lucie-lom.fr\/site\/wp-content\/uploads\/2021\/09\/lucielom-41697-768x511.jpg 768w, http:\/\/www.lucie-lom.fr\/site\/wp-content\/uploads\/2021\/09\/lucielom-41697-451x300.jpg 451w\" sizes=\"auto, (max-width: 900px) 100vw, 900px\" \/>\u00a0Cr\u00e9ation Vid\u00e9o : Elisa Fache &#8211; Cr\u00e9ation musicale : Patrice Grupallo &#8211; Photographies : Jef Rabillon<\/p>\n<p style=\"text-align: justify;\">Contact \/ Diffusion : contact@lucie-lom.fr<\/p>\n<p>&nbsp;<\/p>\n<p><strong>______________________________________________________<\/strong><\/p>\n<p style=\"text-align: justify;\"><strong>S Y L V A<br \/>Une installation de Lucie Lom &#8211; Carte blanche \u00e0 la Coll\u00e9giale Saint-Martin \u00e0 Angers &#8211; du 19 septembre 2020 au 31 janvier 2021.<br \/><\/strong>Images vid\u00e9os : Olivier Guillemain &#8211; Cr\u00e9ation musicale : Patrice Grupallo<\/p>\n<p style=\"text-align: justify;\">Cette installation invite les visiteurs \u00e0 p\u00e9n\u00e9trer progressivement dans une for\u00eat dont on ne mesure pas les limites.<br \/>Comme dans un r\u00eave, les arbres \u00e9mergent de la p\u00e9nombre. Fr\u00e9missants et argent\u00e9s, ils semblent parcourus de s\u00e8ve et de vent. Le soleil se faufile entre leurs branches, r\u00e9veille des oiseaux invisibles, et r\u00e9v\u00e8le des feuillages ondulants. On entre dans cette for\u00eat comme dans une maison habit\u00e9e : avec discr\u00e9tion, tenant compte de ce qui vit l\u00e0. C\u2019est l\u2019imaginaire qui guide les pas ; r\u00eaveur, on observe autour de soi, on contemple et on \u00e9coute.<\/p>\n<p><img loading=\"lazy\" decoding=\"async\" class=\"alignnone size-full wp-image-2457\" src=\"http:\/\/www.lucie-lom.fr\/site\/wp-content\/uploads\/2020\/10\/carre\u0301-sylva-light-avec-cre\u0301dits-900px.jpg\" alt=\"carre\u0301 sylva light avec cre\u0301dits 900px\" width=\"900\" height=\"901\" srcset=\"http:\/\/www.lucie-lom.fr\/site\/wp-content\/uploads\/2020\/10\/carre\u0301-sylva-light-avec-cre\u0301dits-900px.jpg 900w, http:\/\/www.lucie-lom.fr\/site\/wp-content\/uploads\/2020\/10\/carre\u0301-sylva-light-avec-cre\u0301dits-900px-150x150.jpg 150w, http:\/\/www.lucie-lom.fr\/site\/wp-content\/uploads\/2020\/10\/carre\u0301-sylva-light-avec-cre\u0301dits-900px-300x300.jpg 300w, http:\/\/www.lucie-lom.fr\/site\/wp-content\/uploads\/2020\/10\/carre\u0301-sylva-light-avec-cre\u0301dits-900px-768x769.jpg 768w\" sizes=\"auto, (max-width: 900px) 100vw, 900px\" \/><iframe loading=\"lazy\" src=\"https:\/\/player.vimeo.com\/video\/465701587?title=0&amp;byline=0&amp;portrait=0\" width=\"900\" height=\"506\" frameborder=\"0\" allowfullscreen=\"allowfullscreen\"><\/iframe><br \/><img loading=\"lazy\" decoding=\"async\" class=\"alignnone size-full wp-image-2451\" src=\"http:\/\/www.lucie-lom.fr\/site\/wp-content\/uploads\/2020\/10\/sylva-12346.jpg\" alt=\"sylva-12346\" width=\"900\" height=\"601\" srcset=\"http:\/\/www.lucie-lom.fr\/site\/wp-content\/uploads\/2020\/10\/sylva-12346.jpg 900w, http:\/\/www.lucie-lom.fr\/site\/wp-content\/uploads\/2020\/10\/sylva-12346-300x200.jpg 300w, http:\/\/www.lucie-lom.fr\/site\/wp-content\/uploads\/2020\/10\/sylva-12346-768x513.jpg 768w, http:\/\/www.lucie-lom.fr\/site\/wp-content\/uploads\/2020\/10\/sylva-12346-449x300.jpg 449w\" sizes=\"auto, (max-width: 900px) 100vw, 900px\" \/> <img loading=\"lazy\" decoding=\"async\" class=\"alignnone wp-image-2677 size-full\" src=\"http:\/\/www.lucie-lom.fr\/site\/wp-content\/uploads\/2014\/03\/cLucie-Lom-SYLVA-cChristophe-Martin-Photographe-web.jpg\" width=\"900\" height=\"600\" srcset=\"http:\/\/www.lucie-lom.fr\/site\/wp-content\/uploads\/2014\/03\/cLucie-Lom-SYLVA-cChristophe-Martin-Photographe-web.jpg 900w, http:\/\/www.lucie-lom.fr\/site\/wp-content\/uploads\/2014\/03\/cLucie-Lom-SYLVA-cChristophe-Martin-Photographe-web-300x200.jpg 300w, http:\/\/www.lucie-lom.fr\/site\/wp-content\/uploads\/2014\/03\/cLucie-Lom-SYLVA-cChristophe-Martin-Photographe-web-768x512.jpg 768w, http:\/\/www.lucie-lom.fr\/site\/wp-content\/uploads\/2014\/03\/cLucie-Lom-SYLVA-cChristophe-Martin-Photographe-web-450x300.jpg 450w\" sizes=\"auto, (max-width: 900px) 100vw, 900px\" \/> <img loading=\"lazy\" decoding=\"async\" class=\"alignnone size-full wp-image-2452\" src=\"http:\/\/www.lucie-lom.fr\/site\/wp-content\/uploads\/2020\/10\/sylva-115760.jpg\" alt=\"sylva-115760\" width=\"900\" height=\"1266\" srcset=\"http:\/\/www.lucie-lom.fr\/site\/wp-content\/uploads\/2020\/10\/sylva-115760.jpg 900w, http:\/\/www.lucie-lom.fr\/site\/wp-content\/uploads\/2020\/10\/sylva-115760-213x300.jpg 213w, http:\/\/www.lucie-lom.fr\/site\/wp-content\/uploads\/2020\/10\/sylva-115760-768x1080.jpg 768w, http:\/\/www.lucie-lom.fr\/site\/wp-content\/uploads\/2020\/10\/sylva-115760-728x1024.jpg 728w\" sizes=\"auto, (max-width: 900px) 100vw, 900px\" \/><\/p>\n<p style=\"text-align: justify;\">Photographies 1 et 3 Jef Rabillon\u00a0Photographie 2 Christophe Martin &#8211; Vid\u00e9o : Cr\u00e9ative Corner<\/p>\n<p style=\"text-align: justify;\">Contact \/ Diffusion : contact@lucie-lom.fr<\/p>\n<p>&nbsp;<\/p>\n<p><strong>______________________________________________________<\/strong><\/p>\n<h2><strong>L&rsquo;EAU DESSIN\u00c9E<br \/><\/strong><\/h2>\n<p style=\"text-align: justify;\"><strong>Exposition sur l&rsquo;eau dessin\u00e9e dans l&rsquo;illustration, la bande dessin\u00e9e, l&rsquo;animation \u00e0 la fondation d&rsquo;art contemporain Fran\u00e7ois Schneider. Sc\u00e9nographie Lucie Lom. Du 25 octobre 2019 au 29 mars 2020 \u00e0 Wattwiller.<br \/><\/strong><\/p>\n<p>Une grande vague de papier traverse l&rsquo;exposition dans son sillage le visiteur d\u00e9couvre l&rsquo;eau dans tous ses \u00e9tats de la ligne claire \u00e0 l&rsquo;animation en passant par la bande dessin\u00e9e. Le papier virevolte dans tous les espaces de la Fondation pour r\u00e9v\u00e9ler la mati\u00e8re de l\u2019eau, son lien avec le paysage et l\u2019environnement, les narrations du voyage et des mondes imaginaires, ou encore son rapport \u00e0 l\u2019homme et au corps, avec notamment la tradition des bains.<\/p>\n<h6>\u00a0\u00a0 <img loading=\"lazy\" decoding=\"async\" class=\"alignnone size-full wp-image-2439\" src=\"http:\/\/www.lucie-lom.fr\/site\/wp-content\/uploads\/2019\/11\/lucielom-leaudessine\u0301e-2.jpg\" alt=\"lucielom-leaudessine\u0301e-2\" width=\"900\" height=\"616\" srcset=\"http:\/\/www.lucie-lom.fr\/site\/wp-content\/uploads\/2019\/11\/lucielom-leaudessine\u0301e-2.jpg 900w, http:\/\/www.lucie-lom.fr\/site\/wp-content\/uploads\/2019\/11\/lucielom-leaudessine\u0301e-2-300x205.jpg 300w, http:\/\/www.lucie-lom.fr\/site\/wp-content\/uploads\/2019\/11\/lucielom-leaudessine\u0301e-2-768x526.jpg 768w, http:\/\/www.lucie-lom.fr\/site\/wp-content\/uploads\/2019\/11\/lucielom-leaudessine\u0301e-2-438x300.jpg 438w\" sizes=\"auto, (max-width: 900px) 100vw, 900px\" \/> <img loading=\"lazy\" decoding=\"async\" class=\"alignnone size-full wp-image-2441\" src=\"http:\/\/www.lucie-lom.fr\/site\/wp-content\/uploads\/2019\/11\/lucielom-leaudessine\u0301e-4.jpg\" alt=\"lucielom-leaudessine\u0301e-4\" width=\"900\" height=\"675\" srcset=\"http:\/\/www.lucie-lom.fr\/site\/wp-content\/uploads\/2019\/11\/lucielom-leaudessine\u0301e-4.jpg 900w, http:\/\/www.lucie-lom.fr\/site\/wp-content\/uploads\/2019\/11\/lucielom-leaudessine\u0301e-4-300x225.jpg 300w, http:\/\/www.lucie-lom.fr\/site\/wp-content\/uploads\/2019\/11\/lucielom-leaudessine\u0301e-4-768x576.jpg 768w, http:\/\/www.lucie-lom.fr\/site\/wp-content\/uploads\/2019\/11\/lucielom-leaudessine\u0301e-4-400x300.jpg 400w\" sizes=\"auto, (max-width: 900px) 100vw, 900px\" \/> <img loading=\"lazy\" decoding=\"async\" class=\"alignnone size-full wp-image-2442\" src=\"http:\/\/www.lucie-lom.fr\/site\/wp-content\/uploads\/2019\/11\/lucielom-leaudessine\u0301e-5.jpg\" alt=\"lucielom-leaudessine\u0301e-5\" width=\"900\" height=\"604\" srcset=\"http:\/\/www.lucie-lom.fr\/site\/wp-content\/uploads\/2019\/11\/lucielom-leaudessine\u0301e-5.jpg 900w, http:\/\/www.lucie-lom.fr\/site\/wp-content\/uploads\/2019\/11\/lucielom-leaudessine\u0301e-5-300x201.jpg 300w, http:\/\/www.lucie-lom.fr\/site\/wp-content\/uploads\/2019\/11\/lucielom-leaudessine\u0301e-5-768x515.jpg 768w, http:\/\/www.lucie-lom.fr\/site\/wp-content\/uploads\/2019\/11\/lucielom-leaudessine\u0301e-5-447x300.jpg 447w\" sizes=\"auto, (max-width: 900px) 100vw, 900px\" \/><\/h6>\n<p>&nbsp;<\/p>\n<p><strong>______________________________________________________<\/strong><\/p>\n<p style=\"text-align: left;\"><strong>DANS LES BRAS DE LA FOR\u00caT<br \/><\/strong><\/p>\n<p style=\"text-align: justify;\"><strong>Une installation de Lucie Lom &#8211; Carte blanche \u00e0 la Maison du Parc \u00e0 Montsoreau du 6 juillet au 4 novembre 2018<br \/><\/strong><\/p>\n<p style=\"text-align: left;\">Dans la p\u00e9nombre ambiante, de cet entrelacs de branches et de feuillages, on distingue un personnage endormi. Imposant mais fragile, immobile et paisible, il para\u00eet dormir. On discerne maintenant son visage, les lignes de son corps. Peut-\u00eatre r\u00eave-t-il ? D\u2019arbres balanc\u00e9s dans le vent, de sources sous l\u2019humus, de chutes de feuilles&#8230; Le chant de trois oiseaux et le bois qui craque paraissent veiller sur lui. Le nid au creux de ses bras, les sons au c\u0153ur des branchages manifestent la vie qui s&rsquo;\u00e9veille en son sein.<\/p>\n<p style=\"text-align: left;\">Cette installation po\u00e9tique et immersive est \u00e0 d\u00e9couvrir \u00e0 Montsoreau jusqu&rsquo;au 4 novembre.<\/p>\n<p style=\"text-align: left;\">\u00a0 <img loading=\"lazy\" decoding=\"async\" class=\"alignnone size-full wp-image-2417\" src=\"http:\/\/www.lucie-lom.fr\/site\/wp-content\/uploads\/2018\/09\/Dans-les-bras-de-la-foret-jef-5.jpg\" alt=\"Dans les bras de la foret jef 5\" width=\"900\" height=\"628\" srcset=\"http:\/\/www.lucie-lom.fr\/site\/wp-content\/uploads\/2018\/09\/Dans-les-bras-de-la-foret-jef-5.jpg 900w, http:\/\/www.lucie-lom.fr\/site\/wp-content\/uploads\/2018\/09\/Dans-les-bras-de-la-foret-jef-5-300x209.jpg 300w, http:\/\/www.lucie-lom.fr\/site\/wp-content\/uploads\/2018\/09\/Dans-les-bras-de-la-foret-jef-5-768x536.jpg 768w, http:\/\/www.lucie-lom.fr\/site\/wp-content\/uploads\/2018\/09\/Dans-les-bras-de-la-foret-jef-5-430x300.jpg 430w\" sizes=\"auto, (max-width: 900px) 100vw, 900px\" \/> <img loading=\"lazy\" decoding=\"async\" class=\"alignnone size-full wp-image-2397\" src=\"http:\/\/www.lucie-lom.fr\/site\/wp-content\/uploads\/2018\/07\/Dans-les-bras-de-la-foret-3.jpg\" alt=\"Dans les bras de la foret 3\" width=\"900\" height=\"554\" srcset=\"http:\/\/www.lucie-lom.fr\/site\/wp-content\/uploads\/2018\/07\/Dans-les-bras-de-la-foret-3.jpg 900w, http:\/\/www.lucie-lom.fr\/site\/wp-content\/uploads\/2018\/07\/Dans-les-bras-de-la-foret-3-300x185.jpg 300w, http:\/\/www.lucie-lom.fr\/site\/wp-content\/uploads\/2018\/07\/Dans-les-bras-de-la-foret-3-768x473.jpg 768w, http:\/\/www.lucie-lom.fr\/site\/wp-content\/uploads\/2018\/07\/Dans-les-bras-de-la-foret-3-487x300.jpg 487w\" sizes=\"auto, (max-width: 900px) 100vw, 900px\" \/><\/p>\n<p>&nbsp;<\/p>\n<p><strong>______________________________________________________<\/strong><\/p>\n<h2><strong>L&rsquo;ARBRE A R\u00caVES<br \/><\/strong><\/h2>\n<p style=\"text-align: justify;\"><strong>Une installation de Lucie Lom &#8211; Carte blanche \u00e0 l\u2019occasion du Festival de Loire 2017 &#8211; Orl\u00e9ans Septembre 2017.<br \/><\/strong><\/p>\n<p style=\"text-align: left;\">Comme \u00e0 chacune de leurs errances, les R\u00eaveurs semblent s&rsquo;\u00eatre \u00e9chou\u00e9s ici, \u00e0 Orl\u00e9ans, par hasard. Sur une des \u00celes de la Loire, une sc\u00e8ne intrigue le regard. Le tableau est immobile, l&rsquo;action fig\u00e9e dans le temps. D&rsquo;\u00e9tranges personnages immobiles, les R\u00eaveurs, s&rsquo;affairent autour d&rsquo;un arbre mort ; un de ces arbres qui poussent au gr\u00e9 des crues et des bancs de sables. L&rsquo;arbre est mort, mais il est toujours debout. Les r\u00eaveurs le veillent-ils? O\u00f9 tentent-ils de le ranimer? L&rsquo;arbre semble reprendre vie, mais dans le monde des r\u00eaves : ses reflets or scintillent dans le soleil.<br \/>A la nuit tomb\u00e9e l&rsquo;arbre Irrigue la petite \u00cele de ses lueurs. Les reflets lumineux jouent avec le courant. Une toue approche doucement de la petite \u00eele. Une autre toue accoste suivie d&rsquo;une autre&#8230; Elles apportent d&rsquo;autres lueurs plus nombreuses. Aux c\u00f4t\u00e9s des R\u00eaveurs, elles veillent l&rsquo;Arbre.<\/p>\n<p style=\"text-align: left;\"><img loading=\"lazy\" decoding=\"async\" class=\"alignnone wp-image-2228 size-full\" src=\"http:\/\/www.lucie-lom.fr\/site\/wp-content\/uploads\/2017\/10\/re\u0302veurs-lucie-lom-orle\u0301ans-vue-ge\u0301ne\u0301ral.jpg\" alt=\"re\u0302veurs lucie lom orle\u0301ans vue ge\u0301ne\u0301ral\" width=\"900\" height=\"1176\" srcset=\"http:\/\/www.lucie-lom.fr\/site\/wp-content\/uploads\/2017\/10\/re\u0302veurs-lucie-lom-orle\u0301ans-vue-ge\u0301ne\u0301ral.jpg 900w, http:\/\/www.lucie-lom.fr\/site\/wp-content\/uploads\/2017\/10\/re\u0302veurs-lucie-lom-orle\u0301ans-vue-ge\u0301ne\u0301ral-230x300.jpg 230w, http:\/\/www.lucie-lom.fr\/site\/wp-content\/uploads\/2017\/10\/re\u0302veurs-lucie-lom-orle\u0301ans-vue-ge\u0301ne\u0301ral-768x1004.jpg 768w, http:\/\/www.lucie-lom.fr\/site\/wp-content\/uploads\/2017\/10\/re\u0302veurs-lucie-lom-orle\u0301ans-vue-ge\u0301ne\u0301ral-784x1024.jpg 784w\" sizes=\"auto, (max-width: 900px) 100vw, 900px\" \/> <img loading=\"lazy\" decoding=\"async\" class=\"alignnone wp-image-2227 size-full\" src=\"http:\/\/www.lucie-lom.fr\/site\/wp-content\/uploads\/2017\/10\/re\u0302veurs-lucie-lom-orle\u0301ans-vue-de\u0301tail.jpg\" alt=\"re\u0302veurs lucie lom orle\u0301ans vue de\u0301tail\" width=\"900\" height=\"675\" srcset=\"http:\/\/www.lucie-lom.fr\/site\/wp-content\/uploads\/2017\/10\/re\u0302veurs-lucie-lom-orle\u0301ans-vue-de\u0301tail.jpg 900w, http:\/\/www.lucie-lom.fr\/site\/wp-content\/uploads\/2017\/10\/re\u0302veurs-lucie-lom-orle\u0301ans-vue-de\u0301tail-300x225.jpg 300w, http:\/\/www.lucie-lom.fr\/site\/wp-content\/uploads\/2017\/10\/re\u0302veurs-lucie-lom-orle\u0301ans-vue-de\u0301tail-768x576.jpg 768w, http:\/\/www.lucie-lom.fr\/site\/wp-content\/uploads\/2017\/10\/re\u0302veurs-lucie-lom-orle\u0301ans-vue-de\u0301tail-400x300.jpg 400w\" sizes=\"auto, (max-width: 900px) 100vw, 900px\" \/><\/p>\n<p style=\"text-align: left;\"><iframe loading=\"lazy\" src=\"https:\/\/player.vimeo.com\/video\/238554558?title=0&amp;byline=0&amp;portrait=0\" width=\"900\" height=\"506\" frameborder=\"0\" allowfullscreen=\"allowfullscreen\"><\/iframe><\/p>\n<p>&nbsp;<\/p>\n<p>&nbsp;<\/p>\n<p>&nbsp;<\/p>\n<p>&nbsp;<\/p>\n<p>&nbsp;<\/p>\n<p><span style=\"border-radius: 2px; text-indent: 20px; width: auto; padding: 0px 4px 0px 0px; text-align: center; font: bold 11px\/20px 'Helvetica Neue',Helvetica,sans-serif; color: #ffffff; background: #bd081c no-repeat scroll 3px 50% \/ 14px 14px; position: absolute; opacity: 0.85; z-index: 8675309; display: none; cursor: pointer; top: 651px; left: 20px;\">Enregistrer<\/span><\/p>\n<p><span style=\"border-radius: 2px; text-indent: 20px; width: auto; padding: 0px 4px 0px 0px; text-align: center; font: bold 11px\/20px 'Helvetica Neue',Helvetica,sans-serif; color: #ffffff; background: #bd081c no-repeat scroll 3px 50% \/ 14px 14px; position: absolute; opacity: 1; z-index: 8675309; display: none; cursor: pointer; top: 1056px; left: 20px;\">Enregistrer<\/span><\/p>\n<p><span style=\"border-radius: 2px; text-indent: 20px; width: auto; padding: 0px 4px 0px 0px; text-align: center; font: bold 11px\/20px 'Helvetica Neue',Helvetica,sans-serif; color: #ffffff; background: #bd081c no-repeat scroll 3px 50% \/ 14px 14px; position: absolute; opacity: 1; z-index: 8675309; display: none; cursor: pointer; top: 651px; left: 20px;\">Enregistrer<\/span><\/p>\n<p><span style=\"border-radius: 2px; text-indent: 20px; width: auto; padding: 0px 4px 0px 0px; text-align: center; font: bold 11px\/20px 'Helvetica Neue',Helvetica,sans-serif; color: #ffffff; background: #bd081c no-repeat scroll 3px 50% \/ 14px 14px; position: absolute; opacity: 1; z-index: 8675309; display: none; cursor: pointer; top: 1056px; left: 20px;\">Enregistrer<\/span><\/p>\n<p><span style=\"border-radius: 2px; text-indent: 20px; width: auto; padding: 0px 4px 0px 0px; text-align: center; font: bold 11px\/20px 'Helvetica Neue',Helvetica,sans-serif; color: #ffffff; background: #bd081c no-repeat scroll 3px 50% \/ 14px 14px; position: absolute; opacity: 1; z-index: 8675309; display: none; cursor: pointer; top: 19743px; left: 20px;\">Enregistrer<\/span><\/p>\n<p><span style=\"border-radius: 2px; text-indent: 20px; width: auto; padding: 0px 4px 0px 0px; text-align: center; font: bold 11px\/20px 'Helvetica Neue',Helvetica,sans-serif; color: #ffffff; background: #bd081c no-repeat scroll 3px 50% \/ 14px 14px; position: absolute; opacity: 1; z-index: 8675309; display: none; cursor: pointer; top: 21203px; left: 20px;\">Enregistrer<\/span><\/p>\n<p><span style=\"border-radius: 2px; text-indent: 20px; width: auto; padding: 0px 4px 0px 0px; text-align: center; font: bold 11px\/20px 'Helvetica Neue',Helvetica,sans-serif; color: #ffffff; background: #bd081c no-repeat scroll 3px 50% \/ 14px 14px; position: absolute; opacity: 1; z-index: 8675309; display: none; cursor: pointer; top: 1065px; left: 20px;\">Enregistrer<\/span><\/p>\n<p><span style=\"border-radius: 2px; text-indent: 20px; width: auto; padding: 0px 4px 0px 0px; text-align: center; font: bold 11px\/20px 'Helvetica Neue',Helvetica,sans-serif; color: #ffffff; background: #bd081c no-repeat scroll 3px 50% \/ 14px 14px; position: absolute; opacity: 1; z-index: 8675309; display: none; cursor: pointer;\">Enregistrer<\/span><\/p>\n<p><span style=\"border-radius: 2px; text-indent: 20px; width: auto; padding: 0px 4px 0px 0px; text-align: center; font: bold 11px\/20px 'Helvetica Neue',Helvetica,sans-serif; color: #ffffff; background: #bd081c no-repeat scroll 3px 50% \/ 14px 14px; position: absolute; opacity: 1; z-index: 8675309; display: none; cursor: pointer;\">Enregistrer<\/span><\/p>\n<p><span style=\"border-radius: 2px; text-indent: 20px; width: auto; padding: 0px 4px 0px 0px; text-align: center; font: bold 11px\/20px 'Helvetica Neue',Helvetica,sans-serif; color: #ffffff; background: #bd081c no-repeat scroll 3px 50% \/ 14px 14px; position: absolute; opacity: 1; z-index: 8675309; display: none; cursor: pointer; top: 748px; left: 20px;\">Enregistrer<\/span><\/p>\n<p><span style=\"border-radius: 2px; text-indent: 20px; width: auto; padding: 0px 4px 0px 0px; text-align: center; font: bold 11px\/20px 'Helvetica Neue',Helvetica,sans-serif; color: #ffffff; background: #bd081c no-repeat scroll 3px 50% \/ 14px 14px; position: absolute; opacity: 1; z-index: 8675309; display: none; cursor: pointer; top: 748px; left: 20px;\">Enregistrer<\/span><\/p>\n<p><span style=\"border-radius: 2px; text-indent: 20px; width: auto; padding: 0px 4px 0px 0px; text-align: center; font: bold 11px\/20px 'Helvetica Neue',Helvetica,sans-serif; color: #ffffff; background: #bd081c no-repeat scroll 3px 50% \/ 14px 14px; position: absolute; opacity: 1; z-index: 8675309; display: none; cursor: pointer;\">Enregistrer<\/span><\/p>\n<p><span style=\"border-radius: 2px; text-indent: 20px; width: auto; padding: 0px 4px 0px 0px; text-align: center; font: bold 11px\/20px 'Helvetica Neue',Helvetica,sans-serif; color: #ffffff; background: #bd081c no-repeat scroll 3px 50% \/ 14px 14px; position: absolute; opacity: 1; z-index: 8675309; display: none; cursor: pointer; top: 1729px; left: 20px;\">Enregistrer<\/span><\/p>\n<p><span style=\"border-radius: 2px; text-indent: 20px; width: auto; padding: 0px 4px 0px 0px; text-align: center; font: bold 11px\/20px 'Helvetica Neue',Helvetica,sans-serif; color: #ffffff; background: #bd081c no-repeat scroll 3px 50% \/ 14px 14px; position: absolute; opacity: 1; z-index: 8675309; display: none; cursor: pointer; top: 1729px; left: 20px;\">Enregistrer<\/span><\/p>\n<p><span style=\"border-radius: 2px; text-indent: 20px; width: auto; padding: 0px 4px 0px 0px; text-align: center; font: bold 11px\/20px 'Helvetica Neue',Helvetica,sans-serif; color: #ffffff; background: #bd081c no-repeat scroll 3px 50% \/ 14px 14px; position: absolute; opacity: 1; z-index: 8675309; display: none; cursor: pointer; top: 1729px; left: 20px;\">Enregistrer<\/span><\/p>\n<p><span style=\"border-radius: 2px; text-indent: 20px; width: auto; padding: 0px 4px 0px 0px; text-align: center; font: bold 11px\/20px 'Helvetica Neue',Helvetica,sans-serif; color: #ffffff; background: #bd081c no-repeat scroll 3px 50% \/ 14px 14px; position: absolute; opacity: 1; z-index: 8675309; display: none; cursor: pointer; top: 2548px; left: 20px;\">Enregistrer<\/span><\/p>\n<p><span style=\"border-radius: 2px; text-indent: 20px; width: auto; padding: 0px 4px 0px 0px; text-align: center; font: bold 11px\/20px 'Helvetica Neue',Helvetica,sans-serif; color: #ffffff; background: #bd081c no-repeat scroll 3px 50% \/ 14px 14px; position: absolute; opacity: 1; z-index: 8675309; display: none; cursor: pointer; top: 3480px; left: 20px;\">Enregistrer<\/span><\/p>\n<p><span style=\"border-radius: 2px; text-indent: 20px; width: auto; padding: 0px 4px 0px 0px; text-align: center; font: bold 11px\/20px 'Helvetica Neue',Helvetica,sans-serif; color: #ffffff; background: #bd081c no-repeat scroll 3px 50% \/ 14px 14px; position: absolute; opacity: 1; z-index: 8675309; display: none; cursor: pointer; top: 2733px; left: 20px;\">Enregistrer<\/span><\/p>\n<p><span style=\"border-radius: 2px; text-indent: 20px; width: auto; padding: 0px 4px 0px 0px; text-align: center; font: bold 11px\/20px 'Helvetica Neue',Helvetica,sans-serif; color: #ffffff; background: #bd081c no-repeat scroll 3px 50% \/ 14px 14px; position: absolute; opacity: 1; z-index: 8675309; display: none; cursor: pointer;\">Enregistrer<\/span><\/p>\n<p><span style=\"border-radius: 2px; text-indent: 20px; width: auto; padding: 0px 4px 0px 0px; text-align: center; font: bold 11px\/20px 'Helvetica Neue',Helvetica,sans-serif; color: #ffffff; background: #bd081c no-repeat scroll 3px 50% \/ 14px 14px; position: absolute; opacity: 1; z-index: 8675309; display: none; cursor: pointer;\">Enregistrer<\/span><\/p>\n<p><span style=\"border-radius: 2px; text-indent: 20px; width: auto; padding: 0px 4px 0px 0px; text-align: center; font: bold 11px\/20px 'Helvetica Neue',Helvetica,sans-serif; color: #ffffff; background: #bd081c no-repeat scroll 3px 50% \/ 14px 14px; position: absolute; opacity: 1; z-index: 8675309; display: none; cursor: pointer; top: 2045px; left: 20px;\">Enregistrer<\/span><\/p>\n<p><span style=\"border-radius: 2px; text-indent: 20px; width: auto; padding: 0px 4px 0px 0px; text-align: center; font: bold 11px\/20px 'Helvetica Neue',Helvetica,sans-serif; color: #ffffff; background: #bd081c no-repeat scroll 3px 50% \/ 14px 14px; position: absolute; opacity: 1; z-index: 8675309; display: none; cursor: pointer;\">Enregistrer<\/span><\/p>\n<p><span style=\"border-radius: 2px; text-indent: 20px; width: auto; padding: 0px 4px 0px 0px; text-align: center; font: bold 11px\/20px 'Helvetica Neue',Helvetica,sans-serif; color: #ffffff; background: #bd081c no-repeat scroll 3px 50% \/ 14px 14px; position: absolute; opacity: 1; z-index: 8675309; display: none; cursor: pointer; top: 1234px; left: 20px;\">Enregistrer<\/span><\/p>\n<p><span style=\"border-radius: 2px; text-indent: 20px; width: auto; padding: 0px 4px 0px 0px; text-align: center; font: bold 11px\/20px 'Helvetica Neue',Helvetica,sans-serif; color: #ffffff; background: #bd081c no-repeat scroll 3px 50% \/ 14px 14px; position: absolute; opacity: 1; z-index: 8675309; display: none; cursor: pointer;\">Enregistrer<\/span><\/p>\n<p><span style=\"border-radius: 2px; text-indent: 20px; width: auto; padding: 0px 4px 0px 0px; text-align: center; font: bold 11px\/20px 'Helvetica Neue',Helvetica,sans-serif; color: #ffffff; background: #bd081c no-repeat scroll 3px 50% \/ 14px 14px; position: absolute; opacity: 1; z-index: 8675309; display: none; cursor: pointer;\">Enregistrer<\/span><\/p>\n<p><span style=\"border-radius: 2px; text-indent: 20px; width: auto; padding: 0px 4px 0px 0px; text-align: center; font: bold 11px\/20px 'Helvetica Neue',Helvetica,sans-serif; color: #ffffff; background: #bd081c no-repeat scroll 3px 50% \/ 14px 14px; position: absolute; opacity: 1; z-index: 8675309; display: none; cursor: pointer;\">Enregistrer<\/span><\/p>\n<p><span style=\"border-radius: 2px; text-indent: 20px; width: auto; padding: 0px 4px 0px 0px; text-align: center; font: bold 11px\/20px 'Helvetica Neue',Helvetica,sans-serif; color: #ffffff; background: #bd081c no-repeat scroll 3px 50% \/ 14px 14px; position: absolute; opacity: 1; z-index: 8675309; display: none; cursor: pointer; top: 7850px; left: 20px;\">Enregistrer<\/span><\/p>\n<p><span style=\"border-radius: 2px; text-indent: 20px; width: auto; padding: 0px 4px 0px 0px; text-align: center; font: bold 11px\/20px 'Helvetica Neue',Helvetica,sans-serif; color: #ffffff; background: #bd081c no-repeat scroll 3px 50% \/ 14px 14px; position: absolute; opacity: 1; z-index: 8675309; display: none; cursor: pointer;\">Enregistrer<\/span><\/p>\n<p><span style=\"border-radius: 2px; text-indent: 20px; width: auto; padding: 0px 4px 0px 0px; text-align: center; font: bold 11px\/20px 'Helvetica Neue',Helvetica,sans-serif; color: #ffffff; background: #bd081c no-repeat scroll 3px 50% \/ 14px 14px; position: absolute; opacity: 1; z-index: 8675309; display: none; cursor: pointer; top: 617px; left: 20px;\">Enregistrer<\/span><\/p>\n<p><span style=\"border-radius: 2px; text-indent: 20px; width: auto; padding: 0px 4px 0px 0px; text-align: center; font: bold 11px\/20px 'Helvetica Neue',Helvetica,sans-serif; color: #ffffff; background: #bd081c no-repeat scroll 3px 50% \/ 14px 14px; position: absolute; opacity: 1; z-index: 8675309; display: none; cursor: pointer;\">Enregistrer<\/span><\/p>\n<p><span style=\"border-radius: 2px; text-indent: 20px; width: auto; padding: 0px 4px 0px 0px; text-align: center; font: bold 11px\/20px 'Helvetica Neue',Helvetica,sans-serif; color: #ffffff; background: #bd081c no-repeat scroll 3px 50% \/ 14px 14px; position: absolute; opacity: 1; z-index: 8675309; display: none; cursor: pointer; top: 617px; left: 20px;\">Enregistrer<\/span><\/p>\n<p><span style=\"border-radius: 2px; text-indent: 20px; width: auto; padding: 0px 4px 0px 0px; text-align: center; font: bold 11px\/20px 'Helvetica Neue',Helvetica,sans-serif; color: #ffffff; background: #bd081c no-repeat scroll 3px 50% \/ 14px 14px; position: absolute; opacity: 1; z-index: 8675309; display: none; cursor: pointer; top: 1783px; left: 20px;\">Enregistrer<\/span><\/p>\n<p><span style=\"border-radius: 2px; text-indent: 20px; width: auto; padding: 0px 4px 0px 0px; text-align: center; font: bold 11px\/20px 'Helvetica Neue',Helvetica,sans-serif; color: #ffffff; background: #bd081c no-repeat scroll 3px 50% \/ 14px 14px; position: absolute; opacity: 1; z-index: 8675309; display: none; cursor: pointer; top: 544px; left: 20px;\">Enregistrer<\/span><\/p>\n<p><span style=\"border-radius: 2px; text-indent: 20px; width: auto; padding: 0px 4px 0px 0px; text-align: center; font: bold 11px\/20px 'Helvetica Neue',Helvetica,sans-serif; color: #ffffff; background: #bd081c no-repeat scroll 3px 50% \/ 14px 14px; position: absolute; opacity: 1; z-index: 8675309; display: none; cursor: pointer; top: 544px; left: 20px;\">Enregistrer<\/span><\/p>\n<p><span style=\"border-radius: 2px; text-indent: 20px; width: auto; padding: 0px 4px 0px 0px; text-align: center; font: bold 11px\/20px 'Helvetica Neue',Helvetica,sans-serif; color: #ffffff; background: #bd081c no-repeat scroll 3px 50% \/ 14px 14px; position: absolute; opacity: 1; z-index: 8675309; display: none; cursor: pointer;\">Enregistrer<\/span><\/p>\n<p><span style=\"border-radius: 2px; text-indent: 20px; width: auto; padding: 0px 4px 0px 0px; text-align: center; font: bold 11px\/20px 'Helvetica Neue',Helvetica,sans-serif; color: #ffffff; background: #bd081c no-repeat scroll 3px 50% \/ 14px 14px; position: absolute; opacity: 1; z-index: 8675311; display: none; cursor: pointer; top: 568px; left: 20px;\">Enregistrer<\/span><\/p>","protected":false},"excerpt":{"rendered":"<p>MYST\u00c8RE DES FALUNS Nouveaut\u00e9 L&rsquo;ENVOL DES FOSSILES Parcours sc\u00e9nographi\u00e9 p\u00e9renne \u2013 Les Perri\u00e8res, Dou\u00e9-la-Fontaine (49) \u2013 2026 Pour sa r\u00e9ouverture, le Myst\u00e8re des Faluns enrichit sa sc\u00e9nographie avec \u00ab L\u2019Envol des Fossiles \u00bb, une cr\u00e9ation po\u00e9tique imagin\u00e9e par Lucie Lom. &hellip; <a href=\"http:\/\/www.lucie-lom.fr\/site\/actualites\/\">Lire la suite <span class=\"meta-nav\">&rarr;<\/span><\/a><\/p>\n","protected":false},"author":1,"featured_media":1634,"parent":0,"menu_order":1,"comment_status":"closed","ping_status":"closed","template":"","meta":{"footnotes":""},"class_list":["post-2","page","type-page","status-publish","has-post-thumbnail","hentry"],"_links":{"self":[{"href":"http:\/\/www.lucie-lom.fr\/site\/wp-json\/wp\/v2\/pages\/2","targetHints":{"allow":["GET"]}}],"collection":[{"href":"http:\/\/www.lucie-lom.fr\/site\/wp-json\/wp\/v2\/pages"}],"about":[{"href":"http:\/\/www.lucie-lom.fr\/site\/wp-json\/wp\/v2\/types\/page"}],"author":[{"embeddable":true,"href":"http:\/\/www.lucie-lom.fr\/site\/wp-json\/wp\/v2\/users\/1"}],"replies":[{"embeddable":true,"href":"http:\/\/www.lucie-lom.fr\/site\/wp-json\/wp\/v2\/comments?post=2"}],"version-history":[{"count":262,"href":"http:\/\/www.lucie-lom.fr\/site\/wp-json\/wp\/v2\/pages\/2\/revisions"}],"predecessor-version":[{"id":2857,"href":"http:\/\/www.lucie-lom.fr\/site\/wp-json\/wp\/v2\/pages\/2\/revisions\/2857"}],"wp:featuredmedia":[{"embeddable":true,"href":"http:\/\/www.lucie-lom.fr\/site\/wp-json\/wp\/v2\/media\/1634"}],"wp:attachment":[{"href":"http:\/\/www.lucie-lom.fr\/site\/wp-json\/wp\/v2\/media?parent=2"}],"curies":[{"name":"wp","href":"https:\/\/api.w.org\/{rel}","templated":true}]}}